{"id":2760,"date":"2018-08-17T13:46:47","date_gmt":"2018-08-17T10:46:47","guid":{"rendered":"https:\/\/www.colores.fi\/stod\/tule-vapaaehtoiseksi\/"},"modified":"2020-11-30T13:49:15","modified_gmt":"2020-11-30T11:49:15","slug":"kom-med-som-frivillig","status":"publish","type":"page","link":"https:\/\/www.colores.fi\/sv\/kom-med-som-frivillig\/","title":{"rendered":"Kom med som frivillig"},"content":{"rendered":"<p>Aktiva frivilliga som sj\u00e4lva eller deras n\u00e4rmaste haft tarmcancer drar Colores kamratst\u00f6dsverksamhet. Frivilligverksamheten g\u00f6rs p\u00e5 vardagligt s\u00e4tt baserat p\u00e5 egna erfarenheter.<\/p>\n<p>F\u00f6reningens frivilliga verkar nu som kamratst\u00f6d och \/eller som dragare av kamratst\u00f6dstr\u00e4ffarna. Det finns dock m\u00e5nga former av frivilligarbete och vi \u00e4r alltid \u00f6ppna f\u00f6r nya ideer.<\/p>\n<h2>Kamratst\u00f6dsverksamheten<\/h2>\n<p>Kamratst\u00f6dpersonerna verkar som st\u00f6d f\u00f6r tarmcancerpatienterna och deras n\u00e4rmaste. Den som beh\u00f6ver st\u00f6d tr\u00e4ffar sin st\u00f6dperson antingen ansikte mot ansikte eller pratar med honom\/henne per telefon eller via e-post. V\u00e5ra frivilliga best\u00e4mmer sj\u00e4lv p\u00e5 vilket s\u00e4tt de b\u00e4st kan hj\u00e4lpa.<\/p>\n<p>Oftast vill man ha en st\u00f6dperson just d\u00e5 man insjuknat, d\u00e5 situationen \u00e4nnu \u00e4r ny eller d\u00e5 det sker n\u00e5gon f\u00f6r\u00e4ndring i sjukdomsbilden. I diskussionerna kan man g\u00e5 igenom cancerbehandlingar, \u00e5terh\u00e4mtning efter operation, att f\u00e5 en stomi eller hur den n\u00e4rst\u00e5ende orkar. Ofta talar man om vardagliga fr\u00e5gor och hur den st\u00f6dbeh\u00f6vande sj\u00e4lv orkar mitt i sjukdomen.<\/p>\n<p>D\u00e5 den st\u00f6dbeh\u00f6vande tar kontakt med f\u00f6reningen, g\u00e5r vi\u00a0 igenom hans\/hennes situation och bed\u00f6mer vem av v\u00e5ra frivilliga skulle vara l\u00e4mpligast f\u00f6r honom\/henne. D\u00e5 vi funnit en l\u00e4mplig person kontaktar vi personen och f\u00f6rs\u00e4krar oss om att han eller hon \u00e4r redo att ta emot\u00a0 en ny st\u00f6dbeh\u00f6vande. Efter det h\u00e4r ger vi st\u00f6dpersonens kontaktuppgifter till den beh\u00f6vande, som sedan sj\u00e4lv kan kan vara i kontakt med st\u00f6dpersonen.<\/p>\n<h2>Kamratst\u00f6dgruppens ledande<\/h2>\n<p>I Helsingfors och \u00c5bo leder v\u00e5ra frivilliga antingen ensam eller tillsammans med en annan frivillig\u00a0 kamratst\u00f6dsgrupperna. Gruppens ledare \u00f6nskar alla n\u00e4rvarande v\u00e4lkomna, inleder ett m\u00f6jligt diskussions\u00e4mne\u00a0 och leder samtalen genom att f\u00f6rdela talturer. Inga specialkunskaper beh\u00f6vs, n\u00e4rvaron \u00e4r viktigast och att ta alla n\u00e4rvarande i j\u00e4mnlikt beaktande. Du kan bekanta dej med gruppernas tidtabeller, samlingsplatser och program via h\u00e4ndelsekalendern.<\/p>\n<h2>De frivilligas skolning<\/h2>\n<p>Colores ordnar en g\u00e5ng per \u00e5r ett skolningsveckoslut f\u00f6r nya frivilliga, som\u00a0 d\u00e4refter \u00e4r f\u00e4rdiga att delta i den frivilligverksamhet de \u00f6nskar. Under skolningen g\u00e5r man igenom allm\u00e4nna principer f\u00f6r frivillig \u2013och st\u00f6dverksamhet , den frivilligas egna kraftresurser, v\u00e4xelverkan samt exempel p\u00e5 olika fall av kamratst\u00f6d. Skolningsveckoslutet \u00e4r gratis f\u00f6r deltagarna.<\/p>\n<p>Fortsatt skolning f\u00e5r de frivilliga p\u00e5 st\u00f6dpersonsseminarier som ordnas \u00e5rligen\u00a0 och d\u00e4r alla f\u00f6reningens frivilliga kan delta. Meningen med seminariet \u00e4r att erbjuda de\u00a0 frivilliga arbetsledning, kamratst\u00f6d samt tillika\u00a0 rekreation med l\u00e4tt kv\u00e4llsprogram. Seminariet \u00e4r gratis f\u00f6r deltagarna.<\/p>\n","protected":false},"excerpt":{"rendered":"<p>Aktiva frivilliga som sj\u00e4lva eller deras n\u00e4rmaste haft tarmcancer drar Colores kamratst\u00f6dsverksamhet. Frivilligverksamheten g\u00f6rs p\u00e5 vardagligt s\u00e4tt baserat p\u00e5 egna erfarenheter. F\u00f6reningens frivilliga verkar nu som kamratst\u00f6d och \/eller som dragare av kamratst\u00f6dstr\u00e4ffarna. Det finns dock m\u00e5nga former av frivilligarbete och vi \u00e4r alltid \u00f6ppna f\u00f6r nya ideer. Kamratst\u00f6dsverksamheten Kamratst\u00f6dpersonerna verkar som st\u00f6d f\u00f6r tarmcancerpatienterna [&hellip;]<\/p>\n","protected":false},"author":5,"featured_media":0,"parent":0,"menu_order":0,"comment_status":"closed","ping_status":"closed","template":"","meta":{"_genesis_hide_title":false,"_genesis_hide_breadcrumbs":false,"_genesis_hide_singular_image":false,"_genesis_hide_footer_widgets":false,"_genesis_custom_body_class":"","_genesis_custom_post_class":"","_genesis_layout":"","footnotes":""},"class_list":{"0":"post-2760","1":"page","2":"type-page","3":"status-publish","5":"entry","6":"has-post-thumbnail"},"acf":[],"yoast_head":"<!-- This site is optimized with the Yoast SEO plugin v23.3 - https:\/\/yoast.com\/wordpress\/plugins\/seo\/ -->\n<title>Kom med som frivillig &#8211; Colores<\/title>\n<meta name=\"robots\" content=\"index, follow, max-snippet:-1, max-image-preview:large, max-video-preview:-1\" \/>\n<link rel=\"canonical\" href=\"https:\/\/www.colores.fi\/sv\/kom-med-som-frivillig\/\" \/>\n<meta property=\"og:locale\" content=\"sv_SE\" \/>\n<meta property=\"og:type\" content=\"article\" \/>\n<meta property=\"og:title\" content=\"Kom med som frivillig &#8211; Colores\" \/>\n<meta property=\"og:description\" content=\"Aktiva frivilliga som sj\u00e4lva eller deras n\u00e4rmaste haft tarmcancer drar Colores kamratst\u00f6dsverksamhet. Frivilligverksamheten g\u00f6rs p\u00e5 vardagligt s\u00e4tt baserat p\u00e5 egna erfarenheter. F\u00f6reningens frivilliga verkar nu som kamratst\u00f6d och \/eller som dragare av kamratst\u00f6dstr\u00e4ffarna. Det finns dock m\u00e5nga former av frivilligarbete och vi \u00e4r alltid \u00f6ppna f\u00f6r nya ideer. Kamratst\u00f6dsverksamheten Kamratst\u00f6dpersonerna verkar som st\u00f6d f\u00f6r tarmcancerpatienterna [&hellip;]\" \/>\n<meta property=\"og:url\" content=\"https:\/\/www.colores.fi\/sv\/kom-med-som-frivillig\/\" \/>\n<meta property=\"og:site_name\" content=\"Colores\" \/>\n<meta property=\"article:modified_time\" content=\"2020-11-30T11:49:15+00:00\" \/>\n<meta name=\"twitter:card\" content=\"summary_large_image\" \/>\n<meta name=\"twitter:label1\" content=\"Ber\u00e4knad l\u00e4stid\" \/>\n\t<meta name=\"twitter:data1\" content=\"2 minuter\" \/>\n<script type=\"application\/ld+json\" class=\"yoast-schema-graph\">{\"@context\":\"https:\/\/schema.org\",\"@graph\":[{\"@type\":\"WebPage\",\"@id\":\"https:\/\/www.colores.fi\/sv\/kom-med-som-frivillig\/\",\"url\":\"https:\/\/www.colores.fi\/sv\/kom-med-som-frivillig\/\",\"name\":\"Kom med som frivillig &#8211; Colores\",\"isPartOf\":{\"@id\":\"https:\/\/www.colores.fi\/#website\"},\"datePublished\":\"2018-08-17T10:46:47+00:00\",\"dateModified\":\"2020-11-30T11:49:15+00:00\",\"breadcrumb\":{\"@id\":\"https:\/\/www.colores.fi\/sv\/kom-med-som-frivillig\/#breadcrumb\"},\"inLanguage\":\"sv-SE\",\"potentialAction\":[{\"@type\":\"ReadAction\",\"target\":[\"https:\/\/www.colores.fi\/sv\/kom-med-som-frivillig\/\"]}]},{\"@type\":\"BreadcrumbList\",\"@id\":\"https:\/\/www.colores.fi\/sv\/kom-med-som-frivillig\/#breadcrumb\",\"itemListElement\":[{\"@type\":\"ListItem\",\"position\":1,\"name\":\"Home\",\"item\":\"https:\/\/www.colores.fi\/sv\/\"},{\"@type\":\"ListItem\",\"position\":2,\"name\":\"Kom med som frivillig\"}]},{\"@type\":\"WebSite\",\"@id\":\"https:\/\/www.colores.fi\/#website\",\"url\":\"https:\/\/www.colores.fi\/\",\"name\":\"Colores\",\"description\":\"Finlands Tarmcancerf\u00f6rening rf\",\"publisher\":{\"@id\":\"https:\/\/www.colores.fi\/#organization\"},\"potentialAction\":[{\"@type\":\"SearchAction\",\"target\":{\"@type\":\"EntryPoint\",\"urlTemplate\":\"https:\/\/www.colores.fi\/?s={search_term_string}\"},\"query-input\":\"required name=search_term_string\"}],\"inLanguage\":\"sv-SE\"},{\"@type\":\"Organization\",\"@id\":\"https:\/\/www.colores.fi\/#organization\",\"name\":\"Colores-Suomen suolistosy\u00f6p\u00e4yhdistys ry\",\"url\":\"https:\/\/www.colores.fi\/\",\"logo\":{\"@type\":\"ImageObject\",\"inLanguage\":\"sv-SE\",\"@id\":\"https:\/\/www.colores.fi\/#\/schema\/logo\/image\/\",\"url\":\"https:\/\/www.colores.fi\/app\/uploads\/2018\/05\/colores_logo.png\",\"contentUrl\":\"https:\/\/www.colores.fi\/app\/uploads\/2018\/05\/colores_logo.png\",\"width\":1795,\"height\":437,\"caption\":\"Colores-Suomen suolistosy\u00f6p\u00e4yhdistys ry\"},\"image\":{\"@id\":\"https:\/\/www.colores.fi\/#\/schema\/logo\/image\/\"}}]}<\/script>\n<!-- \/ Yoast SEO plugin. -->","yoast_head_json":{"title":"Kom med som frivillig &#8211; Colores","robots":{"index":"index","follow":"follow","max-snippet":"max-snippet:-1","max-image-preview":"max-image-preview:large","max-video-preview":"max-video-preview:-1"},"canonical":"https:\/\/www.colores.fi\/sv\/kom-med-som-frivillig\/","og_locale":"sv_SE","og_type":"article","og_title":"Kom med som frivillig &#8211; Colores","og_description":"Aktiva frivilliga som sj\u00e4lva eller deras n\u00e4rmaste haft tarmcancer drar Colores kamratst\u00f6dsverksamhet. Frivilligverksamheten g\u00f6rs p\u00e5 vardagligt s\u00e4tt baserat p\u00e5 egna erfarenheter. F\u00f6reningens frivilliga verkar nu som kamratst\u00f6d och \/eller som dragare av kamratst\u00f6dstr\u00e4ffarna. Det finns dock m\u00e5nga former av frivilligarbete och vi \u00e4r alltid \u00f6ppna f\u00f6r nya ideer. Kamratst\u00f6dsverksamheten Kamratst\u00f6dpersonerna verkar som st\u00f6d f\u00f6r tarmcancerpatienterna [&hellip;]","og_url":"https:\/\/www.colores.fi\/sv\/kom-med-som-frivillig\/","og_site_name":"Colores","article_modified_time":"2020-11-30T11:49:15+00:00","twitter_card":"summary_large_image","twitter_misc":{"Ber\u00e4knad l\u00e4stid":"2 minuter"},"schema":{"@context":"https:\/\/schema.org","@graph":[{"@type":"WebPage","@id":"https:\/\/www.colores.fi\/sv\/kom-med-som-frivillig\/","url":"https:\/\/www.colores.fi\/sv\/kom-med-som-frivillig\/","name":"Kom med som frivillig &#8211; Colores","isPartOf":{"@id":"https:\/\/www.colores.fi\/#website"},"datePublished":"2018-08-17T10:46:47+00:00","dateModified":"2020-11-30T11:49:15+00:00","breadcrumb":{"@id":"https:\/\/www.colores.fi\/sv\/kom-med-som-frivillig\/#breadcrumb"},"inLanguage":"sv-SE","potentialAction":[{"@type":"ReadAction","target":["https:\/\/www.colores.fi\/sv\/kom-med-som-frivillig\/"]}]},{"@type":"BreadcrumbList","@id":"https:\/\/www.colores.fi\/sv\/kom-med-som-frivillig\/#breadcrumb","itemListElement":[{"@type":"ListItem","position":1,"name":"Home","item":"https:\/\/www.colores.fi\/sv\/"},{"@type":"ListItem","position":2,"name":"Kom med som frivillig"}]},{"@type":"WebSite","@id":"https:\/\/www.colores.fi\/#website","url":"https:\/\/www.colores.fi\/","name":"Colores","description":"Finlands Tarmcancerf\u00f6rening rf","publisher":{"@id":"https:\/\/www.colores.fi\/#organization"},"potentialAction":[{"@type":"SearchAction","target":{"@type":"EntryPoint","urlTemplate":"https:\/\/www.colores.fi\/?s={search_term_string}"},"query-input":"required name=search_term_string"}],"inLanguage":"sv-SE"},{"@type":"Organization","@id":"https:\/\/www.colores.fi\/#organization","name":"Colores-Suomen suolistosy\u00f6p\u00e4yhdistys ry","url":"https:\/\/www.colores.fi\/","logo":{"@type":"ImageObject","inLanguage":"sv-SE","@id":"https:\/\/www.colores.fi\/#\/schema\/logo\/image\/","url":"https:\/\/www.colores.fi\/app\/uploads\/2018\/05\/colores_logo.png","contentUrl":"https:\/\/www.colores.fi\/app\/uploads\/2018\/05\/colores_logo.png","width":1795,"height":437,"caption":"Colores-Suomen suolistosy\u00f6p\u00e4yhdistys ry"},"image":{"@id":"https:\/\/www.colores.fi\/#\/schema\/logo\/image\/"}}]}},"_links":{"self":[{"href":"https:\/\/www.colores.fi\/sv\/wp-json\/wp\/v2\/pages\/2760"}],"collection":[{"href":"https:\/\/www.colores.fi\/sv\/wp-json\/wp\/v2\/pages"}],"about":[{"href":"https:\/\/www.colores.fi\/sv\/wp-json\/wp\/v2\/types\/page"}],"author":[{"embeddable":true,"href":"https:\/\/www.colores.fi\/sv\/wp-json\/wp\/v2\/users\/5"}],"replies":[{"embeddable":true,"href":"https:\/\/www.colores.fi\/sv\/wp-json\/wp\/v2\/comments?post=2760"}],"version-history":[{"count":2,"href":"https:\/\/www.colores.fi\/sv\/wp-json\/wp\/v2\/pages\/2760\/revisions"}],"predecessor-version":[{"id":4594,"href":"https:\/\/www.colores.fi\/sv\/wp-json\/wp\/v2\/pages\/2760\/revisions\/4594"}],"wp:attachment":[{"href":"https:\/\/www.colores.fi\/sv\/wp-json\/wp\/v2\/media?parent=2760"}],"curies":[{"name":"wp","href":"https:\/\/api.w.org\/{rel}","templated":true}]}}