{"id":2756,"date":"2018-12-14T10:03:17","date_gmt":"2018-12-14T08:03:17","guid":{"rendered":"https:\/\/www.colores.fi\/stod\/verkkovertaistuki\/"},"modified":"2019-11-18T12:51:35","modified_gmt":"2019-11-18T10:51:35","slug":"natkamratstod","status":"publish","type":"page","link":"https:\/\/www.colores.fi\/sv\/natkamratstod\/","title":{"rendered":"N\u00e4tkamratst\u00f6d"},"content":{"rendered":"<p>P\u00e5 Facebook uppr\u00e4tth\u00e5ller vi tre diskussionsgrupper, d\u00e4r man kan f\u00e5 st\u00f6d om det inte g\u00e5r att tr\u00e4ffas ansikte mot ansikte. Diskussionsgrupperna \u00e4r slutna, d.v.s\u00a0 personer utanf\u00f6r gruppen kan inte se diskussionerna\u00a0 som f\u00f6rs d\u00e4r. F\u00f6reningens anst\u00e4llda och skolade frivilliga \u00f6vervakar gruppernas diskussioner.<\/p>\n<p>F\u00f6r att komma med i en grupp f\u00f6ruts\u00e4tts att man skickar in en anm\u00e4lningsf\u00f6rfr\u00e5gan och i vissa grupper att man svarar p\u00e5 n\u00e5gon fr\u00e5ga. Med fr\u00e5gan vill man f\u00f6rs\u00e4kra sig om gruppmedlemmarnas autencitet samt garantera ett tryggt diskussionsforum. Endast gruppens uppr\u00e4tth\u00e5llare kan se fr\u00e5gesvaren.<\/p>\n<p>I grupperna pratar man finska.<\/p>\n<p>Direkta linkar till diskussionsgrupperna:<\/p>\n<ul>\n<li><a href=\"https:\/\/www.facebook.com\/groups\/541766859532941\/?source_id=295556637466991\">Suolistosy\u00f6p\u00e4potilaat-keskusteluryhm\u00e4<\/a><\/li>\n<li><a href=\"https:\/\/www.facebook.com\/groups\/1883210538356221\/?source_id=295556637466991\">Suolistosy\u00f6p\u00e4potilaiden l\u00e4heiset-keskusteluryhm\u00e4<\/a><\/li>\n<li><a href=\"https:\/\/www.facebook.com\/groups\/1939376176367489\/\">Lynchin syndrooma-vertaisryhm\u00e4<\/a><\/li>\n<\/ul>\n","protected":false},"excerpt":{"rendered":"<p>P\u00e5 Facebook uppr\u00e4tth\u00e5ller vi tre diskussionsgrupper, d\u00e4r man kan f\u00e5 st\u00f6d om det inte g\u00e5r att tr\u00e4ffas ansikte mot ansikte. Diskussionsgrupperna \u00e4r slutna, d.v.s\u00a0 personer utanf\u00f6r gruppen kan inte se diskussionerna\u00a0 som f\u00f6rs d\u00e4r. F\u00f6reningens anst\u00e4llda och skolade frivilliga \u00f6vervakar gruppernas diskussioner. F\u00f6r att komma med i en grupp f\u00f6ruts\u00e4tts att man skickar in en [&hellip;]<\/p>\n","protected":false},"author":5,"featured_media":2757,"parent":0,"menu_order":0,"comment_status":"closed","ping_status":"closed","template":"","meta":{"_genesis_hide_title":false,"_genesis_hide_breadcrumbs":false,"_genesis_hide_singular_image":false,"_genesis_hide_footer_widgets":false,"_genesis_custom_body_class":"","_genesis_custom_post_class":"","_genesis_layout":"","footnotes":""},"class_list":{"0":"post-2756","1":"page","2":"type-page","3":"status-publish","4":"has-post-thumbnail","6":"entry"},"acf":[],"yoast_head":"<!-- This site is optimized with the Yoast SEO plugin v23.3 - https:\/\/yoast.com\/wordpress\/plugins\/seo\/ -->\n<title>N\u00e4tkamratst\u00f6d &#8211; Colores<\/title>\n<meta name=\"robots\" content=\"index, follow, max-snippet:-1, max-image-preview:large, max-video-preview:-1\" \/>\n<link rel=\"canonical\" href=\"https:\/\/www.colores.fi\/sv\/natkamratstod\/\" \/>\n<meta property=\"og:locale\" content=\"sv_SE\" \/>\n<meta property=\"og:type\" content=\"article\" \/>\n<meta property=\"og:title\" content=\"N\u00e4tkamratst\u00f6d &#8211; Colores\" \/>\n<meta property=\"og:description\" content=\"P\u00e5 Facebook uppr\u00e4tth\u00e5ller vi tre diskussionsgrupper, d\u00e4r man kan f\u00e5 st\u00f6d om det inte g\u00e5r att tr\u00e4ffas ansikte mot ansikte. Diskussionsgrupperna \u00e4r slutna, d.v.s\u00a0 personer utanf\u00f6r gruppen kan inte se diskussionerna\u00a0 som f\u00f6rs d\u00e4r. F\u00f6reningens anst\u00e4llda och skolade frivilliga \u00f6vervakar gruppernas diskussioner. F\u00f6r att komma med i en grupp f\u00f6ruts\u00e4tts att man skickar in en [&hellip;]\" \/>\n<meta property=\"og:url\" content=\"https:\/\/www.colores.fi\/sv\/natkamratstod\/\" \/>\n<meta property=\"og:site_name\" content=\"Colores\" \/>\n<meta property=\"article:modified_time\" content=\"2019-11-18T10:51:35+00:00\" \/>\n<meta property=\"og:image\" content=\"https:\/\/www.colores.fi\/app\/uploads\/2018\/12\/rawpixel-678088-unsplash.jpg\" \/>\n\t<meta property=\"og:image:width\" content=\"4000\" \/>\n\t<meta property=\"og:image:height\" content=\"2697\" \/>\n\t<meta property=\"og:image:type\" content=\"image\/jpeg\" \/>\n<meta name=\"twitter:card\" content=\"summary_large_image\" \/>\n<meta name=\"twitter:label1\" content=\"Ber\u00e4knad l\u00e4stid\" \/>\n\t<meta name=\"twitter:data1\" content=\"1 minut\" \/>\n<script type=\"application\/ld+json\" class=\"yoast-schema-graph\">{\"@context\":\"https:\/\/schema.org\",\"@graph\":[{\"@type\":\"WebPage\",\"@id\":\"https:\/\/www.colores.fi\/sv\/natkamratstod\/\",\"url\":\"https:\/\/www.colores.fi\/sv\/natkamratstod\/\",\"name\":\"N\u00e4tkamratst\u00f6d &#8211; Colores\",\"isPartOf\":{\"@id\":\"https:\/\/www.colores.fi\/#website\"},\"primaryImageOfPage\":{\"@id\":\"https:\/\/www.colores.fi\/sv\/natkamratstod\/#primaryimage\"},\"image\":{\"@id\":\"https:\/\/www.colores.fi\/sv\/natkamratstod\/#primaryimage\"},\"thumbnailUrl\":\"https:\/\/www.colores.fi\/app\/uploads\/2018\/12\/rawpixel-678088-unsplash.jpg\",\"datePublished\":\"2018-12-14T08:03:17+00:00\",\"dateModified\":\"2019-11-18T10:51:35+00:00\",\"breadcrumb\":{\"@id\":\"https:\/\/www.colores.fi\/sv\/natkamratstod\/#breadcrumb\"},\"inLanguage\":\"sv-SE\",\"potentialAction\":[{\"@type\":\"ReadAction\",\"target\":[\"https:\/\/www.colores.fi\/sv\/natkamratstod\/\"]}]},{\"@type\":\"ImageObject\",\"inLanguage\":\"sv-SE\",\"@id\":\"https:\/\/www.colores.fi\/sv\/natkamratstod\/#primaryimage\",\"url\":\"https:\/\/www.colores.fi\/app\/uploads\/2018\/12\/rawpixel-678088-unsplash.jpg\",\"contentUrl\":\"https:\/\/www.colores.fi\/app\/uploads\/2018\/12\/rawpixel-678088-unsplash.jpg\",\"width\":4000,\"height\":2697},{\"@type\":\"BreadcrumbList\",\"@id\":\"https:\/\/www.colores.fi\/sv\/natkamratstod\/#breadcrumb\",\"itemListElement\":[{\"@type\":\"ListItem\",\"position\":1,\"name\":\"Home\",\"item\":\"https:\/\/www.colores.fi\/sv\/\"},{\"@type\":\"ListItem\",\"position\":2,\"name\":\"N\u00e4tkamratst\u00f6d\"}]},{\"@type\":\"WebSite\",\"@id\":\"https:\/\/www.colores.fi\/#website\",\"url\":\"https:\/\/www.colores.fi\/\",\"name\":\"Colores\",\"description\":\"Finlands Tarmcancerf\u00f6rening rf\",\"publisher\":{\"@id\":\"https:\/\/www.colores.fi\/#organization\"},\"potentialAction\":[{\"@type\":\"SearchAction\",\"target\":{\"@type\":\"EntryPoint\",\"urlTemplate\":\"https:\/\/www.colores.fi\/?s={search_term_string}\"},\"query-input\":\"required name=search_term_string\"}],\"inLanguage\":\"sv-SE\"},{\"@type\":\"Organization\",\"@id\":\"https:\/\/www.colores.fi\/#organization\",\"name\":\"Colores-Suomen suolistosy\u00f6p\u00e4yhdistys ry\",\"url\":\"https:\/\/www.colores.fi\/\",\"logo\":{\"@type\":\"ImageObject\",\"inLanguage\":\"sv-SE\",\"@id\":\"https:\/\/www.colores.fi\/#\/schema\/logo\/image\/\",\"url\":\"https:\/\/www.colores.fi\/app\/uploads\/2018\/05\/colores_logo.png\",\"contentUrl\":\"https:\/\/www.colores.fi\/app\/uploads\/2018\/05\/colores_logo.png\",\"width\":1795,\"height\":437,\"caption\":\"Colores-Suomen suolistosy\u00f6p\u00e4yhdistys ry\"},\"image\":{\"@id\":\"https:\/\/www.colores.fi\/#\/schema\/logo\/image\/\"}}]}<\/script>\n<!-- \/ Yoast SEO plugin. -->","yoast_head_json":{"title":"N\u00e4tkamratst\u00f6d &#8211; Colores","robots":{"index":"index","follow":"follow","max-snippet":"max-snippet:-1","max-image-preview":"max-image-preview:large","max-video-preview":"max-video-preview:-1"},"canonical":"https:\/\/www.colores.fi\/sv\/natkamratstod\/","og_locale":"sv_SE","og_type":"article","og_title":"N\u00e4tkamratst\u00f6d &#8211; Colores","og_description":"P\u00e5 Facebook uppr\u00e4tth\u00e5ller vi tre diskussionsgrupper, d\u00e4r man kan f\u00e5 st\u00f6d om det inte g\u00e5r att tr\u00e4ffas ansikte mot ansikte. Diskussionsgrupperna \u00e4r slutna, d.v.s\u00a0 personer utanf\u00f6r gruppen kan inte se diskussionerna\u00a0 som f\u00f6rs d\u00e4r. F\u00f6reningens anst\u00e4llda och skolade frivilliga \u00f6vervakar gruppernas diskussioner. F\u00f6r att komma med i en grupp f\u00f6ruts\u00e4tts att man skickar in en [&hellip;]","og_url":"https:\/\/www.colores.fi\/sv\/natkamratstod\/","og_site_name":"Colores","article_modified_time":"2019-11-18T10:51:35+00:00","og_image":[{"width":4000,"height":2697,"url":"https:\/\/www.colores.fi\/app\/uploads\/2018\/12\/rawpixel-678088-unsplash.jpg","type":"image\/jpeg"}],"twitter_card":"summary_large_image","twitter_misc":{"Ber\u00e4knad l\u00e4stid":"1 minut"},"schema":{"@context":"https:\/\/schema.org","@graph":[{"@type":"WebPage","@id":"https:\/\/www.colores.fi\/sv\/natkamratstod\/","url":"https:\/\/www.colores.fi\/sv\/natkamratstod\/","name":"N\u00e4tkamratst\u00f6d &#8211; Colores","isPartOf":{"@id":"https:\/\/www.colores.fi\/#website"},"primaryImageOfPage":{"@id":"https:\/\/www.colores.fi\/sv\/natkamratstod\/#primaryimage"},"image":{"@id":"https:\/\/www.colores.fi\/sv\/natkamratstod\/#primaryimage"},"thumbnailUrl":"https:\/\/www.colores.fi\/app\/uploads\/2018\/12\/rawpixel-678088-unsplash.jpg","datePublished":"2018-12-14T08:03:17+00:00","dateModified":"2019-11-18T10:51:35+00:00","breadcrumb":{"@id":"https:\/\/www.colores.fi\/sv\/natkamratstod\/#breadcrumb"},"inLanguage":"sv-SE","potentialAction":[{"@type":"ReadAction","target":["https:\/\/www.colores.fi\/sv\/natkamratstod\/"]}]},{"@type":"ImageObject","inLanguage":"sv-SE","@id":"https:\/\/www.colores.fi\/sv\/natkamratstod\/#primaryimage","url":"https:\/\/www.colores.fi\/app\/uploads\/2018\/12\/rawpixel-678088-unsplash.jpg","contentUrl":"https:\/\/www.colores.fi\/app\/uploads\/2018\/12\/rawpixel-678088-unsplash.jpg","width":4000,"height":2697},{"@type":"BreadcrumbList","@id":"https:\/\/www.colores.fi\/sv\/natkamratstod\/#breadcrumb","itemListElement":[{"@type":"ListItem","position":1,"name":"Home","item":"https:\/\/www.colores.fi\/sv\/"},{"@type":"ListItem","position":2,"name":"N\u00e4tkamratst\u00f6d"}]},{"@type":"WebSite","@id":"https:\/\/www.colores.fi\/#website","url":"https:\/\/www.colores.fi\/","name":"Colores","description":"Finlands Tarmcancerf\u00f6rening rf","publisher":{"@id":"https:\/\/www.colores.fi\/#organization"},"potentialAction":[{"@type":"SearchAction","target":{"@type":"EntryPoint","urlTemplate":"https:\/\/www.colores.fi\/?s={search_term_string}"},"query-input":"required name=search_term_string"}],"inLanguage":"sv-SE"},{"@type":"Organization","@id":"https:\/\/www.colores.fi\/#organization","name":"Colores-Suomen suolistosy\u00f6p\u00e4yhdistys ry","url":"https:\/\/www.colores.fi\/","logo":{"@type":"ImageObject","inLanguage":"sv-SE","@id":"https:\/\/www.colores.fi\/#\/schema\/logo\/image\/","url":"https:\/\/www.colores.fi\/app\/uploads\/2018\/05\/colores_logo.png","contentUrl":"https:\/\/www.colores.fi\/app\/uploads\/2018\/05\/colores_logo.png","width":1795,"height":437,"caption":"Colores-Suomen suolistosy\u00f6p\u00e4yhdistys ry"},"image":{"@id":"https:\/\/www.colores.fi\/#\/schema\/logo\/image\/"}}]}},"_links":{"self":[{"href":"https:\/\/www.colores.fi\/sv\/wp-json\/wp\/v2\/pages\/2756"}],"collection":[{"href":"https:\/\/www.colores.fi\/sv\/wp-json\/wp\/v2\/pages"}],"about":[{"href":"https:\/\/www.colores.fi\/sv\/wp-json\/wp\/v2\/types\/page"}],"author":[{"embeddable":true,"href":"https:\/\/www.colores.fi\/sv\/wp-json\/wp\/v2\/users\/5"}],"replies":[{"embeddable":true,"href":"https:\/\/www.colores.fi\/sv\/wp-json\/wp\/v2\/comments?post=2756"}],"version-history":[{"count":1,"href":"https:\/\/www.colores.fi\/sv\/wp-json\/wp\/v2\/pages\/2756\/revisions"}],"predecessor-version":[{"id":2759,"href":"https:\/\/www.colores.fi\/sv\/wp-json\/wp\/v2\/pages\/2756\/revisions\/2759"}],"wp:featuredmedia":[{"embeddable":true,"href":"https:\/\/www.colores.fi\/sv\/wp-json\/wp\/v2\/media\/2757"}],"wp:attachment":[{"href":"https:\/\/www.colores.fi\/sv\/wp-json\/wp\/v2\/media?parent=2756"}],"curies":[{"name":"wp","href":"https:\/\/api.w.org\/{rel}","templated":true}]}}