{"id":2430,"date":"2018-07-13T14:53:04","date_gmt":"2018-07-13T11:53:04","guid":{"rendered":"https:\/\/www.colores.fi\/om-colores\/yhteistyokumppanit\/"},"modified":"2025-06-02T12:22:55","modified_gmt":"2025-06-02T09:22:55","slug":"samarbetspartner","status":"publish","type":"page","link":"https:\/\/www.colores.fi\/sv\/om-colores\/samarbetspartner\/","title":{"rendered":"Samarbetspartner"},"content":{"rendered":"\n<div class=\"wp-block-group\"><div class=\"wp-block-group__inner-container is-layout-flow wp-block-group-is-layout-flow\">\n<figure class=\"wp-block-table\"><\/figure>\n<\/div><\/div>\n\n\n\n<h2>Intresserad av samarbete?<\/h2>\n<p>Om ditt f\u00f6retag vill vara med och st\u00f6dja arbetet f\u00f6r personer med tarmcancer, Lynch syndrom och deras n\u00e4rst\u00e5ende, v\u00e4nligen kontakta <a href=\"mailto:sonja.soderholm@colores.fi\">sonja.soderholm@colores.fi<\/a> eller tel. 050 501 2885. Vi erbjuder logotyputrymme p\u00e5 v\u00e5r webbplats, men nya id\u00e9er om partnerskap \u00e4r ocks\u00e5 mycket v\u00e4lkomna!<\/p>\n<hr \/>\n<h2>Amgen<\/h2>\n<p><a class=\"cursor-pointer\" href=\"http:\/\/www.amgen.fi\/\" target=\"_new\" rel=\"noopener\" data-start=\"645\" data-end=\"657\" data-is-last-node=\"\">www.amgen.fi<\/a><\/p>\n<p><img loading=\"lazy\" decoding=\"async\" class=\"alignnone size-medium wp-image-5192\" src=\"https:\/\/www.colores.fi\/app\/uploads\/2021\/03\/amgen-blue-logo_-300x97.png\" alt=\"amgen logo\" width=\"300\" height=\"97\" srcset=\"https:\/\/www.colores.fi\/app\/uploads\/2021\/03\/amgen-blue-logo_-300x97.png 300w, https:\/\/www.colores.fi\/app\/uploads\/2021\/03\/amgen-blue-logo_-1024x332.png 1024w, https:\/\/www.colores.fi\/app\/uploads\/2021\/03\/amgen-blue-logo_-768x249.png 768w, https:\/\/www.colores.fi\/app\/uploads\/2021\/03\/amgen-blue-logo_.png 1506w\" sizes=\"(max-width: 300px) 100vw, 300px\" \/><\/p>\n<hr \/>\n<h2>B.Braun<\/h2>\n<p>B. Braun Melsungen AG, moderbolag till B. Braun Medical Oy med verksamhet i Finland, \u00e4r ett av de st\u00f6rsta privata f\u00f6retagen och det ledande h\u00e4lsov\u00e5rdsf\u00f6retaget i v\u00e4rlden. Bolaget tillverkar och marknadsf\u00f6r l\u00e4kemedel och f\u00f6rn\u00f6denheter f\u00f6r anestesi och intensivv\u00e5rd. Bolagets produkter omfattar \u00e4ven kirurgiska f\u00f6rn\u00f6denheter, dialysutrustning och -tillbeh\u00f6r samt \u00f6ppenv\u00e5rdsprodukter. B. Braun Medical Oy i Finland \u00e4r ett av koncernens \u00e4ldsta dotterbolag.<\/p>\n<p>I mer \u00e4n 40 \u00e5r har B. Braun varit aktivt involverad i stomiv\u00e5rdsforskning och f\u00f6rsett sina anv\u00e4ndare och medicinsk personal med innovativa l\u00f6sningar genom sitt breda utbud av f\u00f6rband och tillbeh\u00f6r. B. Brauns forskning om stomiv\u00e5rd syftar till att utveckla produkter som f\u00f6rb\u00e4ttrar anv\u00e4ndarnas livskvalitet. Det \u00e4r viktigt att produkterna garanterar anv\u00e4ndaren diskrethet, en k\u00e4nsla av komfort, s\u00e4kerhet och anv\u00e4ndarv\u00e4nlighet.<\/p>\n<p><a href=\"http:\/\/www.bbraun.se\">www.bbraun.se<\/a><\/p>\n<p><img loading=\"lazy\" decoding=\"async\" class=\"alignnone size-medium wp-image-7083\" src=\"https:\/\/www.colores.fi\/app\/uploads\/2023\/02\/230323_bbraun_logo_claim_a4_rgb-300x74.png\" alt=\"b.braun logo\" width=\"300\" height=\"74\" srcset=\"https:\/\/www.colores.fi\/app\/uploads\/2023\/02\/230323_bbraun_logo_claim_a4_rgb-300x74.png 300w, https:\/\/www.colores.fi\/app\/uploads\/2023\/02\/230323_bbraun_logo_claim_a4_rgb.png 483w\" sizes=\"(max-width: 300px) 100vw, 300px\" \/><\/p>\n<hr \/>\n<h2>ConvaTec<\/h2>\n<p><a href=\"https:\/\/www.convatec.com\/sv-se\/\">www.convatec.com<\/a><\/p>\n<p><img loading=\"lazy\" decoding=\"async\" class=\"alignnone size-medium wp-image-7063\" src=\"https:\/\/www.colores.fi\/app\/uploads\/2023\/02\/convatec-primary_logo_horizontal_with_strapline_rgb1-300x109.jpg\" alt=\"convatec logo\" width=\"300\" height=\"109\" srcset=\"https:\/\/www.colores.fi\/app\/uploads\/2023\/02\/convatec-primary_logo_horizontal_with_strapline_rgb1-300x109.jpg 300w, https:\/\/www.colores.fi\/app\/uploads\/2023\/02\/convatec-primary_logo_horizontal_with_strapline_rgb1-1024x372.jpg 1024w, https:\/\/www.colores.fi\/app\/uploads\/2023\/02\/convatec-primary_logo_horizontal_with_strapline_rgb1-768x279.jpg 768w, https:\/\/www.colores.fi\/app\/uploads\/2023\/02\/convatec-primary_logo_horizontal_with_strapline_rgb1-1536x557.jpg 1536w, https:\/\/www.colores.fi\/app\/uploads\/2023\/02\/convatec-primary_logo_horizontal_with_strapline_rgb1.jpg 1772w\" sizes=\"(max-width: 300px) 100vw, 300px\" \/><\/p>\n<hr \/>\n<h2>Dansac Hollister<\/h2>\n<p>Dansac grundades 1971 i Fredensborg, Danmark. Sedan dess har Dansac blivit en del av\u00a0Hollister Incorporated, som ligger i Libertyville, Illinois, USA.<\/p>\n<p>Hollister Incorporated \u00e4r ett oberoende, personal\u00e4gt f\u00f6retag som utvecklar, tillverkar och marknadsf\u00f6r sjukv\u00e5rdsprodukter och tj\u00e4nster \u00f6ver hela v\u00e4rlden.<\/p>\n<p>Vi f\u00f6rser sjukv\u00e5rden med avancerade medicinska produkter f\u00f6r stomi, inkontinens och intensivv\u00e5rd. V\u00e5ra produkter marknadsf\u00f6rs under tv\u00e5 starka varum\u00e4rken \u2013 Hollister och Dansac. Vi tillhandah\u00e5ller ocks\u00e5 information och utbildning kring v\u00e5ra produkter f\u00f6r s\u00e5v\u00e4l v\u00e5rdpersonal som de som anv\u00e4nder v\u00e5ra produkter.<\/p>\n<p>Hollister har tj\u00e4nat sjukv\u00e5rdspersonal och patienter i mer \u00e4n 95\u00a0\u00e5r och gjort skillnad i m\u00e4nniskors liv \u00f6ver hela v\u00e4rlden.<\/p>\n<p><strong><a href=\"http:\/\/www.dansac.se\/sv-se\">www.dansac.se\u00a0<\/a><\/strong><br \/><strong><a href=\"http:\/\/www.hollister.se\/sv-se\">www.hollister.se<\/a><\/strong><\/p>\n<p><img loading=\"lazy\" decoding=\"async\" class=\"size-medium wp-image-4892 alignleft\" src=\"https:\/\/www.colores.fi\/app\/uploads\/2021\/01\/dansac-logo-cmyk-300x65.png\" alt=\"\" width=\"300\" height=\"65\" srcset=\"https:\/\/www.colores.fi\/app\/uploads\/2021\/01\/dansac-logo-cmyk-300x65.png 300w, https:\/\/www.colores.fi\/app\/uploads\/2021\/01\/dansac-logo-cmyk.png 423w\" sizes=\"(max-width: 300px) 100vw, 300px\" \/><\/p>\n<p>\u00a0<\/p>\n<p>\u00a0<\/p>\n<p><img loading=\"lazy\" decoding=\"async\" class=\"size-medium wp-image-4895 alignleft\" src=\"https:\/\/www.colores.fi\/app\/uploads\/2021\/01\/hollister_logo_master_2c_cmyk-300x74.png\" alt=\"\" width=\"300\" height=\"74\" srcset=\"https:\/\/www.colores.fi\/app\/uploads\/2021\/01\/hollister_logo_master_2c_cmyk-300x74.png 300w, https:\/\/www.colores.fi\/app\/uploads\/2021\/01\/hollister_logo_master_2c_cmyk-768x189.png 768w, https:\/\/www.colores.fi\/app\/uploads\/2021\/01\/hollister_logo_master_2c_cmyk.png 800w\" sizes=\"(max-width: 300px) 100vw, 300px\" \/><\/p>\n<p>\u00a0<\/p>\n<p>\u00a0<\/p>\n<hr \/>\n<h2>Docrates Cancersjukhus<\/h2>\n<p>Docrates Cancersjukhus ligger i Helsingfors och \u00e4r ett finsk\u00e4gt, internationellt verksamt sjukhus som \u00e4r specialiserat p\u00e5 cancer. Vi betj\u00e4nar v\u00e5ra cancerpatienter individuellt under hela deras v\u00e5rdkedja, fr\u00e5n cancerdiagnostik till uppf\u00f6ljning efter v\u00e5rden. Efter diagnos och avbildning kan v\u00e5rden planeras och p\u00e5b\u00f6rjas genast. Tack vare v\u00e5rt unika koncept har vi patienter fr\u00e5n hela v\u00e4rlden. Vi har behandlat patienter fr\u00e5n mer \u00e4n 60 olika l\u00e4nder. Tillsammans med v\u00e5rt samarbetsn\u00e4tverk av toppspecialister erbjuder vi genuint individuell cancerv\u00e5rd med de nyaste metoderna inom cancerbehandling \u2013 med medm\u00e4nsklighet.<\/p>\n<p>L\u00e4s mer om tarmcancer:\u00a0<a href=\"https:\/\/www.docrates.com\/sv\/tarmcancer-en-vanlig-sjukdom-som-man-talar-tyst-om\/\" target=\"_blank\" rel=\"noopener\">en vanlig sjukdom som man talar tyst om<\/a><\/p>\n<p><strong>Ett steg f\u00f6re \u2013 M\u00f6ta m\u00e4nniskan med respekt.<\/strong> <a href=\"https:\/\/www.docrates.com\/sv\/\" target=\"_blank\" rel=\"noopener\">www.docrates.com<\/a><\/p>\n<p><img loading=\"lazy\" decoding=\"async\" class=\"alignnone size-medium wp-image-11995\" src=\"https:\/\/www.colores.fi\/app\/uploads\/2025\/06\/docrates_cancersjukhus_rgb_vertical-300x237.png\" alt=\"Docrates Mehil\u00e4inen logo_se\" width=\"300\" height=\"237\" srcset=\"https:\/\/www.colores.fi\/app\/uploads\/2025\/06\/docrates_cancersjukhus_rgb_vertical-300x237.png 300w, https:\/\/www.colores.fi\/app\/uploads\/2025\/06\/docrates_cancersjukhus_rgb_vertical-1024x810.png 1024w, https:\/\/www.colores.fi\/app\/uploads\/2025\/06\/docrates_cancersjukhus_rgb_vertical-768x607.png 768w, https:\/\/www.colores.fi\/app\/uploads\/2025\/06\/docrates_cancersjukhus_rgb_vertical.png 1367w\" sizes=\"(max-width: 300px) 100vw, 300px\" \/><\/p>\n<hr \/>\n<h2>Digestive Cancers Europe<\/h2>\n<p>DiCe \u00e4r en europeisk organisation som syftar till att f\u00f6ra samman patienter, sl\u00e4ktingar, h\u00e4lso- och sjukv\u00e5rdspersonal, politiker och media f\u00f6r att bek\u00e4mpa mag-tarmcancer. Organisationen arbetar med 40 olika grupper och organisationer i 30 europeiska l\u00e4nder.<\/p>\n<p>Colores \u00e4r en medlemsf\u00f6rening av Digestive Cancers Europe.<\/p>\n<p><a href=\"http:\/\/www.digestivecancers.eu\">www.digestivecancers.eu<\/a><\/p>\n<p><img loading=\"lazy\" decoding=\"async\" class=\"alignnone size-medium wp-image-2455\" src=\"https:\/\/www.colores.fi\/app\/uploads\/2019\/01\/7xz_xmtz_400x400-300x300.jpg\" alt=\"Digestive Cancers Europen logo\" width=\"300\" height=\"300\" srcset=\"https:\/\/www.colores.fi\/app\/uploads\/2019\/01\/7xz_xmtz_400x400-300x300.jpg 300w, https:\/\/www.colores.fi\/app\/uploads\/2019\/01\/7xz_xmtz_400x400-150x150.jpg 150w, https:\/\/www.colores.fi\/app\/uploads\/2019\/01\/7xz_xmtz_400x400.jpg 400w\" sizes=\"(max-width: 300px) 100vw, 300px\" \/><\/p>\n<hr \/>\n<h2>Gasendo<\/h2>\n<p>www.gasendo.fi<\/p>\n<p><img loading=\"lazy\" decoding=\"async\" class=\"alignnone size-medium wp-image-9929\" src=\"https:\/\/www.colores.fi\/app\/uploads\/2024\/09\/gasendo_color-300x97.png\" alt=\"gasendo logo\" width=\"300\" height=\"97\" srcset=\"https:\/\/www.colores.fi\/app\/uploads\/2024\/09\/gasendo_color-300x97.png 300w, https:\/\/www.colores.fi\/app\/uploads\/2024\/09\/gasendo_color.png 320w\" sizes=\"(max-width: 300px) 100vw, 300px\" \/><\/p>\n<h2><del><hr \/><\/del>Merck<\/h2>\n<p>V\u00e5r vision \u00e4r att g\u00f6ra skillnad f\u00f6r m\u00e4nniskor v\u00e4rlden \u00f6ver genom v\u00e5ra innovativa l\u00e4kemedel, vacciner och djurl\u00e4kemedel.<\/p>\n<p>V\u00e5ra v\u00e4rderingar ligger till grund f\u00f6r v\u00e5rt uppdrag att f\u00f6rb\u00e4ttra m\u00e4nniskors liv. Vi s\u00e4tter stort v\u00e4rde p\u00e5 etik och vetenskap samtidigt som vi vill vara innovativa. Vi str\u00e4var efter att v\u00e5ra mediciner och vacciner ska vara tillg\u00e4ngliga f\u00f6r alla som beh\u00f6ver dem. V\u00e5r utveckling bygger p\u00e5 lagspel mellan v\u00e5ra anst\u00e4llda och \u00f6msesidig respekt, inkludering, uppmuntran och samarbete. V\u00e5ra tydliga och starka v\u00e4rderingar \u00e4r stommen i allt vi g\u00f6r och f\u00f6renar v\u00e5ra medarbetare v\u00e4rlden \u00f6ver.<\/p>\n<p><a href=\"http:\/\/www.merckgroup.com\">www.merckgroup.com<\/a><\/p>\n<p><img loading=\"lazy\" decoding=\"async\" class=\"alignnone size-medium wp-image-2482\" src=\"https:\/\/www.colores.fi\/app\/uploads\/2019\/08\/merck_logo_blue_rgb-300x47.jpg\" alt=\"merck logo\" width=\"300\" height=\"47\" srcset=\"https:\/\/www.colores.fi\/app\/uploads\/2019\/08\/merck_logo_blue_rgb-300x47.jpg 300w, https:\/\/www.colores.fi\/app\/uploads\/2019\/08\/merck_logo_blue_rgb-768x119.jpg 768w, https:\/\/www.colores.fi\/app\/uploads\/2019\/08\/merck_logo_blue_rgb-1024x159.jpg 1024w, https:\/\/www.colores.fi\/app\/uploads\/2019\/08\/merck_logo_blue_rgb.jpg 1063w\" sizes=\"(max-width: 300px) 100vw, 300px\" \/><\/p>\n<hr \/>\n<h2>Nordic Drugs &#8211; Ett nordiskt l\u00e4kemedelsf\u00f6retag<\/h2>\n<p>Nordic Drugs AB \u00e4r ett nordiskt l\u00e4kemedelsf\u00f6retag som startade redan 1995. Vi har huvudkontor i Malm\u00f6, d\u00e4r en del av v\u00e5ra produkter tillverkas, samt s\u00e4ljorganisationer i Danmark, Finland, Norge och p\u00e5 Island. V\u00e5rt f\u00f6retag erbjuder en rad h\u00f6gspecialiserade, egenutvecklade och licensierade produkter inom onkologi, reumatologi, sm\u00e4rta, beroendev\u00e5rd, hematologi, kvinnoh\u00e4lsa och mage\/tarm.<br \/>Under de snart 30 \u00e5r som Nordic Drugs har funnits, har v\u00e5rt f\u00f6retag vuxit och utvecklats till en stabil och v\u00e4lk\u00e4nd leverant\u00f6r p\u00e5 den nordiska l\u00e4kemedelsmarknaden, k\u00e4nnetecknat av h\u00f6g leveranss\u00e4kerhet och v\u00e4lk\u00e4nda, starka varum\u00e4rken inom b\u00e5de Rx och OTC.<\/p>\n<p><a href=\"https:\/\/www.nordicdrugs.fi\/\" target=\"_blank\" rel=\"noopener\">L\u00e4s mer om Nordic Drugs<\/a><\/p>\n<p><img loading=\"lazy\" decoding=\"async\" class=\"alignnone wp-image-7238 size-medium\" src=\"https:\/\/www.colores.fi\/app\/uploads\/2023\/04\/nordic-drugs-logo_utan-adress_a-company_rgb-300x104.png\" alt=\"\" width=\"300\" height=\"104\" srcset=\"https:\/\/www.colores.fi\/app\/uploads\/2023\/04\/nordic-drugs-logo_utan-adress_a-company_rgb-300x104.png 300w, https:\/\/www.colores.fi\/app\/uploads\/2023\/04\/nordic-drugs-logo_utan-adress_a-company_rgb-1024x354.png 1024w, https:\/\/www.colores.fi\/app\/uploads\/2023\/04\/nordic-drugs-logo_utan-adress_a-company_rgb-768x265.png 768w, https:\/\/www.colores.fi\/app\/uploads\/2023\/04\/nordic-drugs-logo_utan-adress_a-company_rgb-1536x531.png 1536w, https:\/\/www.colores.fi\/app\/uploads\/2023\/04\/nordic-drugs-logo_utan-adress_a-company_rgb-2048x708.png 2048w\" sizes=\"(max-width: 300px) 100vw, 300px\" \/><\/p>\n<hr \/>\n<h2>Nutricia Medical<\/h2>\n<p><a href=\"https:\/\/www.nutricia.se\/\">www.nutricia.se<\/a><\/p>\n<p><img loading=\"lazy\" decoding=\"async\" class=\"alignnone size-medium wp-image-5241\" src=\"https:\/\/www.colores.fi\/app\/uploads\/2021\/03\/nutricia-logo-strapline-rgb-grad-300x165.png\" alt=\"Nutricia Medicalin logo, jossa lukee violetilla tekstill\u00e4 Nutricia Life transforming nutrition\" width=\"300\" height=\"165\" srcset=\"https:\/\/www.colores.fi\/app\/uploads\/2021\/03\/nutricia-logo-strapline-rgb-grad-300x165.png 300w, https:\/\/www.colores.fi\/app\/uploads\/2021\/03\/nutricia-logo-strapline-rgb-grad-1024x562.png 1024w, https:\/\/www.colores.fi\/app\/uploads\/2021\/03\/nutricia-logo-strapline-rgb-grad-768x422.png 768w, https:\/\/www.colores.fi\/app\/uploads\/2021\/03\/nutricia-logo-strapline-rgb-grad.png 1220w\" sizes=\"(max-width: 300px) 100vw, 300px\" \/><\/p>\n<hr \/>\n<h2><span style=\"color: revert; font-size: revert; font-weight: revert;\">Pfizer<\/span><\/h2>\n<p>God h\u00e4lsa \u00e4r livsviktigt \u2013 b\u00e5de f\u00f6r individen och f\u00f6r samh\u00e4llet. Pfizers uppdrag \u00e4r att fr\u00e4mja h\u00e4lsa och v\u00e4lbefinnande \u00f6ver hela v\u00e4rlden. Som ett av v\u00e4rldens ledande l\u00e4kemedelsf\u00f6retag har Pfizer spelat en betydande roll i utvecklingen av l\u00e4kemedel. Det finns dock fortfarande arbete att g\u00f6ra. Tillsammans med v\u00e5ra forskningspartners anv\u00e4nder vi den senaste vetenskapen och teknologin f\u00f6r att uppt\u00e4cka nya behandlingar, b\u00e5de f\u00f6r sjukdomar som cancer samt s\u00e4llsynta sjukdomar.\u00a0Pfizer utvecklar nya, innovativa l\u00e4kemedel och operationsmetoder tillsammans med andra v\u00e5rdgivare.\u00a0V\u00e5rt m\u00e5l \u00e4r att m\u00f6jligg\u00f6ra den b\u00e4sta medicinska behandlingen f\u00f6r dem som beh\u00f6ver det. Vi vill v\u00e4cka hopp hos patienter och deras n\u00e4ra och k\u00e4ra under sjukdomens lopp.<\/p>\n<p>Breakthroughs that change patients\u2019 lives.<\/p>\n<p><a href=\"https:\/\/www.pfizer.se\/\">www.pfizer.se<\/a><\/p>\n<p><img loading=\"lazy\" decoding=\"async\" class=\"alignnone size-full wp-image-8541\" src=\"https:\/\/www.colores.fi\/app\/uploads\/2024\/03\/nayttokuva-2024-03-05-140458.png\" alt=\"pfizer logo\" width=\"295\" height=\"155\" \/><\/p>\n<hr \/>\n<h2>Pierre Fabre Pharma Norden<\/h2>\n<h3>Vi st\u00e5r vid patienternas sida i kampen mot cancer<\/h3>\n<p>Pierre Fabre Group \u00e4r ett internationellt f\u00f6retag med huvudkontor i Frankrike och med ca 10 400 anst\u00e4llda. Till st\u00f6rsta delen \u00e4gs f\u00f6retaget av en allm\u00e4nnyttig stiftelse. Det syftar till att garantera f\u00f6retagets sj\u00e4lvst\u00e4ndighet och s\u00e4kerst\u00e4ller ett l\u00e5ngsiktigt perspektiv precis som grundaren Pierre Fabre \u00f6nskade.<br \/>P\u00e5 Pierre Fabre tar vi hand om hela m\u00e4nniskan och vi tillhandah\u00e5ller b\u00e5de produkter f\u00f6r att behandla olika typer av cancer samt ta hand om k\u00e4nslig hud och hudbiverkningar som kan uppst\u00e5 efter l\u00e5ngvarig behandling.<\/p>\n<p>Syftet med v\u00e5r cancerforskning \u00e4r att f\u00f6rb\u00e4ttra behandlingen av patienter som lider av sjukdomar d\u00e4r det finns stora ouppfyllda behov av behandling \u2013 alltid med gruppens v\u00e4rderingar i \u00e5tanke och med m\u00e5let att bidra till ett \u00f6kat v\u00e4lbefinnande f\u00f6r individen.<\/p>\n<p><a href=\"http:\/\/www.pierre-fabre.com\">www.pierre-fabre.com<\/a><\/p>\n<p><img loading=\"lazy\" decoding=\"async\" class=\"alignnone size-medium wp-image-6405\" src=\"https:\/\/www.colores.fi\/app\/uploads\/2022\/03\/pf-logo-1-300x180.jpg\" alt=\"pierre fabre logo\" width=\"300\" height=\"180\" srcset=\"https:\/\/www.colores.fi\/app\/uploads\/2022\/03\/pf-logo-1-300x180.jpg 300w, https:\/\/www.colores.fi\/app\/uploads\/2022\/03\/pf-logo-1-1024x614.jpg 1024w, https:\/\/www.colores.fi\/app\/uploads\/2022\/03\/pf-logo-1-768x461.jpg 768w, https:\/\/www.colores.fi\/app\/uploads\/2022\/03\/pf-logo-1-1536x921.jpg 1536w, https:\/\/www.colores.fi\/app\/uploads\/2022\/03\/pf-logo-1.jpg 1772w\" sizes=\"(max-width: 300px) 100vw, 300px\" \/><\/p>\n<hr \/>\n<h2>Servier<\/h2>\n<p>Servier grundades 1954 och \u00e4r det st\u00f6rsta oberoende franska l\u00e4kemedelsf\u00f6retaget. Vi finns i 140 l\u00e4nder med mer \u00e4n 20 000 anst\u00e4llda, inklusive mer \u00e4n 3000 i forskning.<\/p>\n<p>V\u00e5r organisation \u00e4r\u00a0forskningsbaserad,\u00a0uppfyller\u00a0ett grundl\u00e4ggande behov\u00a0och \u00e4r till\u00e4gnad\u00a0framtiden. V\u00e5r\u00a0viktigaste\u00a0princip\u00a0\u00e4r att tillgodose\u00a0behoven hos\u00a0de l\u00e4kare\u00a0som f\u00f6rskriver\u00a0v\u00e5ra\u00a0produkter och\u00a0av de patienter som\u00a0gynnas av\u00a0dem.<\/p>\n<p><a href=\"http:\/\/www.servier.se\">www.servier.se<\/a><\/p>\n<p><img loading=\"lazy\" decoding=\"async\" class=\"alignnone size-medium wp-image-4979\" src=\"https:\/\/www.colores.fi\/app\/uploads\/2021\/02\/serviercmyk300dpi-300x113.jpg\" alt=\"servier logo\" width=\"300\" height=\"113\" srcset=\"https:\/\/www.colores.fi\/app\/uploads\/2021\/02\/serviercmyk300dpi-300x113.jpg 300w, https:\/\/www.colores.fi\/app\/uploads\/2021\/02\/serviercmyk300dpi-1024x384.jpg 1024w, https:\/\/www.colores.fi\/app\/uploads\/2021\/02\/serviercmyk300dpi-768x288.jpg 768w, https:\/\/www.colores.fi\/app\/uploads\/2021\/02\/serviercmyk300dpi-1536x576.jpg 1536w, https:\/\/www.colores.fi\/app\/uploads\/2021\/02\/serviercmyk300dpi.jpg 1890w\" sizes=\"(max-width: 300px) 100vw, 300px\" \/><\/p>\n<hr \/>\n<h2>STEA<\/h2>\n<p>Av Veikkaus Oy:s avkastning administrerar social- och h\u00e4lsoorganisationernas underst\u00f6dscentral (STEA) underst\u00f6d till allm\u00e4nnyttiga projekt som fr\u00e4mjar h\u00e4lsa och v\u00e4lf\u00e4rd och genomf\u00f6rs av social- och h\u00e4lsoorganisationer.<\/p>\n<p>Ansvaret f\u00f6r finansiering av konst-, kultur- och idrottsprojekt med avkastning fr\u00e5n Veikkaus Oy\u00a0\u00e5ligger\u00a0utbildnings- och kulturministeriet, och f\u00f6r finansiering som riktas till fr\u00e4mjande av h\u00e4stuppf\u00f6dning och h\u00e4stsport ansvarar\u00a0jord- och skogsbruksministeriet.<\/p>\n<p>\u00a0<\/p>\n<p><img loading=\"lazy\" decoding=\"async\" class=\"alignnone size-full wp-image-7929\" src=\"https:\/\/www.colores.fi\/app\/uploads\/2024\/01\/stea-logo-300x88-1.png\" alt=\"stea logo\" width=\"300\" height=\"88\" \/><img loading=\"lazy\" decoding=\"async\" class=\"alignnone size-medium wp-image-11943\" src=\"https:\/\/www.colores.fi\/app\/uploads\/2025\/05\/stm_logo_rahoitus_sv-300x90.png\" alt=\"STEA logo sv\" width=\"300\" height=\"90\" srcset=\"https:\/\/www.colores.fi\/app\/uploads\/2025\/05\/stm_logo_rahoitus_sv-300x90.png 300w, https:\/\/www.colores.fi\/app\/uploads\/2025\/05\/stm_logo_rahoitus_sv-1024x307.png 1024w, https:\/\/www.colores.fi\/app\/uploads\/2025\/05\/stm_logo_rahoitus_sv-768x230.png 768w, https:\/\/www.colores.fi\/app\/uploads\/2025\/05\/stm_logo_rahoitus_sv-1536x461.png 1536w, https:\/\/www.colores.fi\/app\/uploads\/2025\/05\/stm_logo_rahoitus_sv-2048x614.png 2048w\" sizes=\"(max-width: 300px) 100vw, 300px\" \/><\/p>\n<hr \/>\n<h2>Cancerorganisationerna<\/h2>\n<p>Den \u00f6vergripande ben\u00e4mningen Cancerorganisationerna syftar p\u00e5 Cancerf\u00f6reningen i Finland och Cancerstiftelsen. Till Cancerf\u00f6reningen i Finland h\u00f6r tolv regionala cancerf\u00f6reningar och sex nationella patientorganisationer. Cancerf\u00f6reningen i Finland \u00e4r registerf\u00f6rare f\u00f6r Finlands Cancerregister.<\/p>\n<p>I sin strategi utf\u00e4ster sig Cancerorganisationerna att m\u00e5lmedvetet arbeta f\u00f6r att fr\u00e4mja h\u00e4lsan, f\u00f6rebygga cancer, st\u00f6dja de insjuknade och minska de skador och men som cancern orsakar i hela landet.<\/p>\n<p>Colores \u00e4r en medlemsf\u00f6rening av Cancerorganisationerna.<\/p>\n<p><strong><a href=\"https:\/\/www.cancerforeningen.fi\/\">www.cancerforeningen.fi<\/a><\/strong><\/p>\n<p><img loading=\"lazy\" decoding=\"async\" class=\"size-medium wp-image-4872 alignleft\" src=\"https:\/\/www.colores.fi\/app\/uploads\/2021\/01\/syopajarjestot_vaaka_web-300x117.png\" alt=\"\" width=\"300\" height=\"117\" srcset=\"https:\/\/www.colores.fi\/app\/uploads\/2021\/01\/syopajarjestot_vaaka_web-300x117.png 300w, https:\/\/www.colores.fi\/app\/uploads\/2021\/01\/syopajarjestot_vaaka_web.png 511w\" sizes=\"(max-width: 300px) 100vw, 300px\" \/><\/p>\n<p>\u00a0<\/p>\n<p>\u00a0<\/p>\n<p>\u00a0<\/p>\n<hr \/>\n<h2>Takeda Oy<\/h2>\n<p><img loading=\"lazy\" decoding=\"async\" class=\"alignnone size-medium wp-image-11652\" src=\"https:\/\/www.colores.fi\/app\/uploads\/2025\/04\/kuva2-300x132.png\" alt=\"Takeda Oy logo\" width=\"300\" height=\"132\" srcset=\"https:\/\/www.colores.fi\/app\/uploads\/2025\/04\/kuva2-300x132.png 300w, https:\/\/www.colores.fi\/app\/uploads\/2025\/04\/kuva2.png 567w\" sizes=\"(max-width: 300px) 100vw, 300px\" \/><\/p>\n<p><a href=\"https:\/\/www.takeda.com\/sv-se\/\">www.takeda.se<\/a><\/p>\n<p>\u00a0<\/p>\n<p>\u00a0<\/p>\n","protected":false},"excerpt":{"rendered":"<p>Intresserad av samarbete? Om ditt f\u00f6retag vill vara med och st\u00f6dja arbetet f\u00f6r personer med tarmcancer, Lynch syndrom och deras n\u00e4rst\u00e5ende, v\u00e4nligen kontakta sonja.soderholm@colores.fi eller tel. 050 501 2885. Vi erbjuder logotyputrymme p\u00e5 v\u00e5r webbplats, men nya id\u00e9er om partnerskap \u00e4r ocks\u00e5 mycket v\u00e4lkomna! Amgen www.amgen.fi B.Braun B. Braun Melsungen AG, moderbolag till B. Braun [&hellip;]<\/p>\n","protected":false},"author":3,"featured_media":0,"parent":2176,"menu_order":0,"comment_status":"closed","ping_status":"closed","template":"","meta":{"_genesis_hide_title":false,"_genesis_hide_breadcrumbs":false,"_genesis_hide_singular_image":false,"_genesis_hide_footer_widgets":false,"_genesis_custom_body_class":"","_genesis_custom_post_class":"","_genesis_layout":"","footnotes":""},"class_list":{"0":"post-2430","1":"page","2":"type-page","3":"status-publish","5":"entry","6":"has-post-thumbnail"},"acf":[],"yoast_head":"<!-- This site is optimized with the Yoast SEO plugin v23.3 - https:\/\/yoast.com\/wordpress\/plugins\/seo\/ -->\n<title>Samarbetspartner &#8211; Colores<\/title>\n<meta name=\"robots\" content=\"index, follow, max-snippet:-1, max-image-preview:large, max-video-preview:-1\" \/>\n<link rel=\"canonical\" href=\"https:\/\/www.colores.fi\/sv\/om-colores\/samarbetspartner\/\" \/>\n<meta property=\"og:locale\" content=\"sv_SE\" \/>\n<meta property=\"og:type\" content=\"article\" \/>\n<meta property=\"og:title\" content=\"Samarbetspartner &#8211; Colores\" \/>\n<meta property=\"og:description\" content=\"Intresserad av samarbete? Om ditt f\u00f6retag vill vara med och st\u00f6dja arbetet f\u00f6r personer med tarmcancer, Lynch syndrom och deras n\u00e4rst\u00e5ende, v\u00e4nligen kontakta sonja.soderholm@colores.fi eller tel. 050 501 2885. Vi erbjuder logotyputrymme p\u00e5 v\u00e5r webbplats, men nya id\u00e9er om partnerskap \u00e4r ocks\u00e5 mycket v\u00e4lkomna! Amgen www.amgen.fi B.Braun B. Braun Melsungen AG, moderbolag till B. Braun [&hellip;]\" \/>\n<meta property=\"og:url\" content=\"https:\/\/www.colores.fi\/sv\/om-colores\/samarbetspartner\/\" \/>\n<meta property=\"og:site_name\" content=\"Colores\" \/>\n<meta property=\"article:modified_time\" content=\"2025-06-02T09:22:55+00:00\" \/>\n<meta property=\"og:image\" content=\"https:\/\/www.colores.fi\/app\/uploads\/2021\/03\/amgen-blue-logo_-300x97.png\" \/>\n<meta name=\"twitter:card\" content=\"summary_large_image\" \/>\n<meta name=\"twitter:label1\" content=\"Ber\u00e4knad l\u00e4stid\" \/>\n\t<meta name=\"twitter:data1\" content=\"11 minuter\" \/>\n<script type=\"application\/ld+json\" class=\"yoast-schema-graph\">{\"@context\":\"https:\/\/schema.org\",\"@graph\":[{\"@type\":\"WebPage\",\"@id\":\"https:\/\/www.colores.fi\/sv\/om-colores\/samarbetspartner\/\",\"url\":\"https:\/\/www.colores.fi\/sv\/om-colores\/samarbetspartner\/\",\"name\":\"Samarbetspartner &#8211; Colores\",\"isPartOf\":{\"@id\":\"https:\/\/www.colores.fi\/#website\"},\"primaryImageOfPage\":{\"@id\":\"https:\/\/www.colores.fi\/sv\/om-colores\/samarbetspartner\/#primaryimage\"},\"image\":{\"@id\":\"https:\/\/www.colores.fi\/sv\/om-colores\/samarbetspartner\/#primaryimage\"},\"thumbnailUrl\":\"https:\/\/www.colores.fi\/app\/uploads\/2021\/03\/amgen-blue-logo_-300x97.png\",\"datePublished\":\"2018-07-13T11:53:04+00:00\",\"dateModified\":\"2025-06-02T09:22:55+00:00\",\"breadcrumb\":{\"@id\":\"https:\/\/www.colores.fi\/sv\/om-colores\/samarbetspartner\/#breadcrumb\"},\"inLanguage\":\"sv-SE\",\"potentialAction\":[{\"@type\":\"ReadAction\",\"target\":[\"https:\/\/www.colores.fi\/sv\/om-colores\/samarbetspartner\/\"]}]},{\"@type\":\"ImageObject\",\"inLanguage\":\"sv-SE\",\"@id\":\"https:\/\/www.colores.fi\/sv\/om-colores\/samarbetspartner\/#primaryimage\",\"url\":\"https:\/\/www.colores.fi\/app\/uploads\/2021\/03\/amgen-blue-logo_-300x97.png\",\"contentUrl\":\"https:\/\/www.colores.fi\/app\/uploads\/2021\/03\/amgen-blue-logo_-300x97.png\"},{\"@type\":\"BreadcrumbList\",\"@id\":\"https:\/\/www.colores.fi\/sv\/om-colores\/samarbetspartner\/#breadcrumb\",\"itemListElement\":[{\"@type\":\"ListItem\",\"position\":1,\"name\":\"Home\",\"item\":\"https:\/\/www.colores.fi\/sv\/\"},{\"@type\":\"ListItem\",\"position\":2,\"name\":\"Om Colores\",\"item\":\"https:\/\/www.colores.fi\/sv\/om-colores\/\"},{\"@type\":\"ListItem\",\"position\":3,\"name\":\"Samarbetspartner\"}]},{\"@type\":\"WebSite\",\"@id\":\"https:\/\/www.colores.fi\/#website\",\"url\":\"https:\/\/www.colores.fi\/\",\"name\":\"Colores\",\"description\":\"Finlands Tarmcancerf\u00f6rening rf\",\"publisher\":{\"@id\":\"https:\/\/www.colores.fi\/#organization\"},\"potentialAction\":[{\"@type\":\"SearchAction\",\"target\":{\"@type\":\"EntryPoint\",\"urlTemplate\":\"https:\/\/www.colores.fi\/?s={search_term_string}\"},\"query-input\":\"required name=search_term_string\"}],\"inLanguage\":\"sv-SE\"},{\"@type\":\"Organization\",\"@id\":\"https:\/\/www.colores.fi\/#organization\",\"name\":\"Colores-Suomen suolistosy\u00f6p\u00e4yhdistys ry\",\"url\":\"https:\/\/www.colores.fi\/\",\"logo\":{\"@type\":\"ImageObject\",\"inLanguage\":\"sv-SE\",\"@id\":\"https:\/\/www.colores.fi\/#\/schema\/logo\/image\/\",\"url\":\"https:\/\/www.colores.fi\/app\/uploads\/2018\/05\/colores_logo.png\",\"contentUrl\":\"https:\/\/www.colores.fi\/app\/uploads\/2018\/05\/colores_logo.png\",\"width\":1795,\"height\":437,\"caption\":\"Colores-Suomen suolistosy\u00f6p\u00e4yhdistys ry\"},\"image\":{\"@id\":\"https:\/\/www.colores.fi\/#\/schema\/logo\/image\/\"}}]}<\/script>\n<!-- \/ Yoast SEO plugin. -->","yoast_head_json":{"title":"Samarbetspartner &#8211; Colores","robots":{"index":"index","follow":"follow","max-snippet":"max-snippet:-1","max-image-preview":"max-image-preview:large","max-video-preview":"max-video-preview:-1"},"canonical":"https:\/\/www.colores.fi\/sv\/om-colores\/samarbetspartner\/","og_locale":"sv_SE","og_type":"article","og_title":"Samarbetspartner &#8211; Colores","og_description":"Intresserad av samarbete? Om ditt f\u00f6retag vill vara med och st\u00f6dja arbetet f\u00f6r personer med tarmcancer, Lynch syndrom och deras n\u00e4rst\u00e5ende, v\u00e4nligen kontakta sonja.soderholm@colores.fi eller tel. 050 501 2885. Vi erbjuder logotyputrymme p\u00e5 v\u00e5r webbplats, men nya id\u00e9er om partnerskap \u00e4r ocks\u00e5 mycket v\u00e4lkomna! Amgen www.amgen.fi B.Braun B. Braun Melsungen AG, moderbolag till B. Braun [&hellip;]","og_url":"https:\/\/www.colores.fi\/sv\/om-colores\/samarbetspartner\/","og_site_name":"Colores","article_modified_time":"2025-06-02T09:22:55+00:00","og_image":[{"url":"https:\/\/www.colores.fi\/app\/uploads\/2021\/03\/amgen-blue-logo_-300x97.png"}],"twitter_card":"summary_large_image","twitter_misc":{"Ber\u00e4knad l\u00e4stid":"11 minuter"},"schema":{"@context":"https:\/\/schema.org","@graph":[{"@type":"WebPage","@id":"https:\/\/www.colores.fi\/sv\/om-colores\/samarbetspartner\/","url":"https:\/\/www.colores.fi\/sv\/om-colores\/samarbetspartner\/","name":"Samarbetspartner &#8211; Colores","isPartOf":{"@id":"https:\/\/www.colores.fi\/#website"},"primaryImageOfPage":{"@id":"https:\/\/www.colores.fi\/sv\/om-colores\/samarbetspartner\/#primaryimage"},"image":{"@id":"https:\/\/www.colores.fi\/sv\/om-colores\/samarbetspartner\/#primaryimage"},"thumbnailUrl":"https:\/\/www.colores.fi\/app\/uploads\/2021\/03\/amgen-blue-logo_-300x97.png","datePublished":"2018-07-13T11:53:04+00:00","dateModified":"2025-06-02T09:22:55+00:00","breadcrumb":{"@id":"https:\/\/www.colores.fi\/sv\/om-colores\/samarbetspartner\/#breadcrumb"},"inLanguage":"sv-SE","potentialAction":[{"@type":"ReadAction","target":["https:\/\/www.colores.fi\/sv\/om-colores\/samarbetspartner\/"]}]},{"@type":"ImageObject","inLanguage":"sv-SE","@id":"https:\/\/www.colores.fi\/sv\/om-colores\/samarbetspartner\/#primaryimage","url":"https:\/\/www.colores.fi\/app\/uploads\/2021\/03\/amgen-blue-logo_-300x97.png","contentUrl":"https:\/\/www.colores.fi\/app\/uploads\/2021\/03\/amgen-blue-logo_-300x97.png"},{"@type":"BreadcrumbList","@id":"https:\/\/www.colores.fi\/sv\/om-colores\/samarbetspartner\/#breadcrumb","itemListElement":[{"@type":"ListItem","position":1,"name":"Home","item":"https:\/\/www.colores.fi\/sv\/"},{"@type":"ListItem","position":2,"name":"Om Colores","item":"https:\/\/www.colores.fi\/sv\/om-colores\/"},{"@type":"ListItem","position":3,"name":"Samarbetspartner"}]},{"@type":"WebSite","@id":"https:\/\/www.colores.fi\/#website","url":"https:\/\/www.colores.fi\/","name":"Colores","description":"Finlands Tarmcancerf\u00f6rening rf","publisher":{"@id":"https:\/\/www.colores.fi\/#organization"},"potentialAction":[{"@type":"SearchAction","target":{"@type":"EntryPoint","urlTemplate":"https:\/\/www.colores.fi\/?s={search_term_string}"},"query-input":"required name=search_term_string"}],"inLanguage":"sv-SE"},{"@type":"Organization","@id":"https:\/\/www.colores.fi\/#organization","name":"Colores-Suomen suolistosy\u00f6p\u00e4yhdistys ry","url":"https:\/\/www.colores.fi\/","logo":{"@type":"ImageObject","inLanguage":"sv-SE","@id":"https:\/\/www.colores.fi\/#\/schema\/logo\/image\/","url":"https:\/\/www.colores.fi\/app\/uploads\/2018\/05\/colores_logo.png","contentUrl":"https:\/\/www.colores.fi\/app\/uploads\/2018\/05\/colores_logo.png","width":1795,"height":437,"caption":"Colores-Suomen suolistosy\u00f6p\u00e4yhdistys ry"},"image":{"@id":"https:\/\/www.colores.fi\/#\/schema\/logo\/image\/"}}]}},"_links":{"self":[{"href":"https:\/\/www.colores.fi\/sv\/wp-json\/wp\/v2\/pages\/2430"}],"collection":[{"href":"https:\/\/www.colores.fi\/sv\/wp-json\/wp\/v2\/pages"}],"about":[{"href":"https:\/\/www.colores.fi\/sv\/wp-json\/wp\/v2\/types\/page"}],"author":[{"embeddable":true,"href":"https:\/\/www.colores.fi\/sv\/wp-json\/wp\/v2\/users\/3"}],"replies":[{"embeddable":true,"href":"https:\/\/www.colores.fi\/sv\/wp-json\/wp\/v2\/comments?post=2430"}],"version-history":[{"count":22,"href":"https:\/\/www.colores.fi\/sv\/wp-json\/wp\/v2\/pages\/2430\/revisions"}],"predecessor-version":[{"id":11998,"href":"https:\/\/www.colores.fi\/sv\/wp-json\/wp\/v2\/pages\/2430\/revisions\/11998"}],"up":[{"embeddable":true,"href":"https:\/\/www.colores.fi\/sv\/wp-json\/wp\/v2\/pages\/2176"}],"wp:attachment":[{"href":"https:\/\/www.colores.fi\/sv\/wp-json\/wp\/v2\/media?parent=2430"}],"curies":[{"name":"wp","href":"https:\/\/api.w.org\/{rel}","templated":true}]}}