{"id":2226,"date":"2018-05-28T17:08:54","date_gmt":"2018-05-28T14:08:54","guid":{"rendered":"https:\/\/www.colores.fi\/om-colores\/tietosuojaseloste\/"},"modified":"2024-12-03T13:12:47","modified_gmt":"2024-12-03T11:12:47","slug":"dataskyddsbroschyr","status":"publish","type":"page","link":"https:\/\/www.colores.fi\/sv\/om-colores\/dataskyddsbroschyr\/","title":{"rendered":"Dataskyddsbroschyr"},"content":{"rendered":"\n<p>Dataskyddslagen (1050\/2018) 10 \u00a7 enligt registerbroschyr<\/p>\n<h5><strong>1. Registrets namn<\/strong><\/h5>\n<p>Colores- Finlands tarmcancerf\u00f6renings medlemsregister<\/p>\n<h5><strong>2. Registeruppr\u00e4tth\u00e5llare<\/strong><\/h5>\n<p>Nimi: Colores &#8211; Suomen Suolistosy\u00f6p\u00e4yhdistys ry<br \/>Verkkosivut: www.colores.fi<br \/>Osoite: Malmin kauppatie 26, 00700 Helsinki<br \/>Puh. 050 501 2885<br \/>S\u00e4hk\u00f6posti:\u00a0<a href=\"mailto:info@colores.fi\">info@colores.fi<\/a><\/p>\n<h5><strong>2.1 Person ansvarig f\u00f6r register\u00e4renden<\/strong><\/h5>\n<p>Person som sk\u00f6ter register\u00e4renden och som man kan kontakta.<\/p>\n<p>Nimi: Tiina Kosti<br \/>Osoite: Malmin kauppatie 26, 00700 Helsinki<br \/>Puh. 050 501 2885<br \/>S\u00e4hk\u00f6posti:\u00a0<a href=\"mailto:tiina.kosti@colores.fi\">tiina.kosti@colores.fi<\/a><\/p>\n<h5><strong>3. Syftet med persondatabehandling\/ Registrets anv\u00e4ndnings\u00e4ndam\u00e5l.<\/strong><\/h5>\n<p>Det huvudsakliga \u00e4ndam\u00e5let med hantering av persondata \u00e4r att det beh\u00f6vs f\u00f6r f\u00f6reningens verksamhet, och sk\u00f6tseln av medlems\u00e4renden.<\/p>\n<p>Meningen med anv\u00e4ndningen av persondata:<\/p>\n<ul>\n<li>Uppr\u00e4tth\u00e5llandet av medlemmarnas namn -och adressuppgifter<\/li>\n<li>F\u00f6rs\u00e4ndelse av Sy\u00f6p\u00e4lehti, guider och broschyrer till Colores medlemmar och servicepunkter inom h\u00e4lsov\u00e5rden.<\/li>\n<li>Information och marknadsf\u00f6ring om tillst\u00e4llningar arrangerade av f\u00f6reningen<\/li>\n<li>Insamling av h\u00e4ndelseanm\u00e4lningar<\/li>\n<li>Medlemsavgifter<\/li>\n<li>Verkst\u00e4llandet av medlemsenk\u00e4ter<\/li>\n<li>Sammans\u00e4ttning av statistik .Enskilda medlemmar kan inte igenk\u00e4nnas i statistiken.<\/li>\n<li>Kamratst\u00f6dsverksamhet<\/li>\n<\/ul>\n<p>De som \u00e4r i registret har r\u00e4tt att neka till att ta emot marknadsf\u00f6ring och information. Nekandet sker genom att meddela om saken via e-post, telefon eller brev till registeransvariga.<\/p>\n<h5><strong>4. Registrets datainneh\u00e5ll<\/strong><\/h5>\n<p>Till registret insamlas obligatoriskt av\u00a0 f\u00f6reningslagen (503\/1989) 11\u00a7 kr\u00e4vda personuppgifter, s\u00e5som medlemmens fullst\u00e4ndiga namn och hemort. D\u00e4rtill insamlas f\u00f6ljande uppgifter:<\/p>\n<ul>\n<li>Medlemmens kontaktuppgifter (postadress, telefon och e-post)<\/li>\n<li>Medlemmens k\u00f6n<\/li>\n<li>Medlemsinformation (typ av medlem, medlemsnummer, tidpunkt f\u00f6r medlemsskapets b\u00f6rjan)<\/li>\n<li>Information om medlemsavgifter ( fakturering och betalning)<\/li>\n<li>Tidningsbest\u00e4llningar<\/li>\n<li>Verkan som kamratst\u00f6dsperson<\/li>\n<\/ul>\n<h5><strong>5. Registrets informationsk\u00e4llor<\/strong><\/h5>\n<p>\u00a0Uppgifterna som finns i registret f\u00e5r man via medlemmens egna meddelanden eller fr\u00e5n medlemsans\u00f6kningsblanketten f\u00f6r nya medlemmar. Man kan anh\u00e5lla om medlemskap p\u00e5 f\u00f6reningens egna hemsidor eller via cancerf\u00f6reningens hemsidor.Uppgifterna till medlemsregistret kan ocks\u00e5 mottagas per telefon, brev, muntligt , via e-post eller p\u00e5 pappersmedlemsans\u00f6kningsblankett.<\/p>\n<h5><strong>6. \u00d6verl\u00e5tande av uppgifter och informations\u00f6verl\u00e4mnande utanf\u00f6r EU eller ETA.<\/strong><\/h5>\n<p>Uppgifter som finns i registret\u00a0 \u00f6verl\u00e4mnas enligt reglerna inte till f\u00f6reningen utomst\u00e5ende, inte heller till EU eller ETA utomst\u00e5ende.<\/p>\n<h5><strong>7. Principerna f\u00f6r registerskyddet<\/strong><\/h5>\n<p><strong>Manuella sakregister<\/strong> <br \/>Medlemsans\u00f6kningar p\u00e5 papper och andra m\u00f6jliga personuppgifter p\u00e5 papper f\u00f6rvaras i ett l\u00e5st sk\u00e5p p\u00e5 f\u00f6reningens kansli. Kansliets d\u00f6rr \u00e4r l\u00e5st d\u00e5 de anst\u00e4llda inte \u00e4r p\u00e5 plats. Medlemsans\u00f6kningsuppgifterna p\u00e5 papper f\u00f6rst\u00f6rs sakenligt (med dokumentf\u00f6rst\u00f6rare) d\u00e5 medlemmen betalat sin f\u00f6rsta medlemsavgift, och d\u00e5 styrelsens h\u00f6stm\u00f6te godk\u00e4nt medlemmen.<\/p>\n<p><strong>Elektroniska uppgifter<\/strong><br \/>Uppgifterna behandlas\u00a0 elektroniskt via en registertj\u00e4nst (Yhdistysavain Rekisteri) och f\u00f6r detta lagras uppgiterna p\u00e5 tj\u00e4nsteleverant\u00f6rens (Avoine OY) server. Serverstatusen \u00e4r korrekt \u00f6vervakad. Det elektroniska medlemsregistret anv\u00e4nds av f\u00f6reningens anst\u00e4llda, som har tystnadsplikt visavi registrets inneh\u00e5ll.<\/p>\n<p>Registret \u00e4r skyddat med anv\u00e4ndarkod och l\u00f6senord. P\u00e5 de anst\u00e4lldas datorer behandlas ocks\u00e5 Excel-tabeller, som inneh\u00e5ller personuppgifter.Datorerna \u00e4r skyddade med personliga l\u00f6senord och s\u00e4kerhetsprogram.<\/p>\n<h5><strong>8. Kontrollr\u00e4tt<\/strong><\/h5>\n<p>En person som \u00e4r inskriven i registret har som regel\u00a0 r\u00e4tt att kolla sina i registret ifyllda uppgifter samt be den registeransvariga att r\u00e4tta felaktiga uppgifter. Beg\u00e4ran om kontroll skall g\u00f6ras skriftligt till registeransvariga. N\u00f6dv\u00e4ndiga\u00a0 \u00e5tg\u00e4rder skall g\u00f6ras \u00a0senast inom en m\u00e5nad efter inkommen beg\u00e4ran.<\/p>\n<h5><strong>9. Korrigering av registeruppgifter<\/strong><\/h5>\n<p>Den registeransvariga skall utan beh\u00f6rigt dr\u00f6jsm\u00e5l sj\u00e4lvmant eller p\u00e5 beg\u00e4ran av den registrerade r\u00e4tta till, ta bort eller s\u00e4tta till persondata som sett till registeranv\u00e4ndningen \u00e4r felaktig, on\u00f6dig, bristf\u00e4llig\u00a0 eller f\u00f6r\u00e5ldrad. R\u00e4ttelseyrkan g\u00f6rs till registeransvariga.<\/p>\n<p>Den n\u00f6dv\u00e4ndiga \u00e5tg\u00e4rden b\u00f6r g\u00f6ras senast inom en m\u00e5nad efter inkommen beg\u00e4ran.<\/p>\n","protected":false},"excerpt":{"rendered":"<p>Dataskyddslagen (1050\/2018) 10 \u00a7 enligt registerbroschyr 1. Registrets namn Colores- Finlands tarmcancerf\u00f6renings medlemsregister 2. Registeruppr\u00e4tth\u00e5llare Nimi: Colores &#8211; Suomen Suolistosy\u00f6p\u00e4yhdistys ryVerkkosivut: www.colores.fiOsoite: Malmin kauppatie 26, 00700 HelsinkiPuh. 050 501 2885S\u00e4hk\u00f6posti:\u00a0info@colores.fi 2.1 Person ansvarig f\u00f6r register\u00e4renden Person som sk\u00f6ter register\u00e4renden och som man kan kontakta. Nimi: Tiina KostiOsoite: Malmin kauppatie 26, 00700 HelsinkiPuh. 050 501 2885S\u00e4hk\u00f6posti:\u00a0tiina.kosti@colores.fi [&hellip;]<\/p>\n","protected":false},"author":1,"featured_media":0,"parent":2176,"menu_order":0,"comment_status":"closed","ping_status":"open","template":"","meta":{"_genesis_hide_title":false,"_genesis_hide_breadcrumbs":false,"_genesis_hide_singular_image":false,"_genesis_hide_footer_widgets":false,"_genesis_custom_body_class":"","_genesis_custom_post_class":"","_genesis_layout":"full-width-content","footnotes":""},"class_list":{"0":"post-2226","1":"page","2":"type-page","3":"status-publish","5":"entry"},"acf":[],"yoast_head":"<!-- This site is optimized with the Yoast SEO plugin v23.3 - https:\/\/yoast.com\/wordpress\/plugins\/seo\/ -->\n<title>Dataskyddsbroschyr &#8211; Colores<\/title>\n<meta name=\"robots\" content=\"index, follow, max-snippet:-1, max-image-preview:large, max-video-preview:-1\" \/>\n<link rel=\"canonical\" href=\"https:\/\/www.colores.fi\/sv\/om-colores\/dataskyddsbroschyr\/\" \/>\n<meta property=\"og:locale\" content=\"sv_SE\" \/>\n<meta property=\"og:type\" content=\"article\" \/>\n<meta property=\"og:title\" content=\"Dataskyddsbroschyr &#8211; Colores\" \/>\n<meta property=\"og:description\" content=\"Dataskyddslagen (1050\/2018) 10 \u00a7 enligt registerbroschyr 1. Registrets namn Colores- Finlands tarmcancerf\u00f6renings medlemsregister 2. Registeruppr\u00e4tth\u00e5llare Nimi: Colores &#8211; Suomen Suolistosy\u00f6p\u00e4yhdistys ryVerkkosivut: www.colores.fiOsoite: Malmin kauppatie 26, 00700 HelsinkiPuh. 050 501 2885S\u00e4hk\u00f6posti:\u00a0info@colores.fi 2.1 Person ansvarig f\u00f6r register\u00e4renden Person som sk\u00f6ter register\u00e4renden och som man kan kontakta. Nimi: Tiina KostiOsoite: Malmin kauppatie 26, 00700 HelsinkiPuh. 050 501 2885S\u00e4hk\u00f6posti:\u00a0tiina.kosti@colores.fi [&hellip;]\" \/>\n<meta property=\"og:url\" content=\"https:\/\/www.colores.fi\/sv\/om-colores\/dataskyddsbroschyr\/\" \/>\n<meta property=\"og:site_name\" content=\"Colores\" \/>\n<meta property=\"article:modified_time\" content=\"2024-12-03T11:12:47+00:00\" \/>\n<meta name=\"twitter:card\" content=\"summary_large_image\" \/>\n<meta name=\"twitter:label1\" content=\"Ber\u00e4knad l\u00e4stid\" \/>\n\t<meta name=\"twitter:data1\" content=\"4 minuter\" \/>\n<script type=\"application\/ld+json\" class=\"yoast-schema-graph\">{\"@context\":\"https:\/\/schema.org\",\"@graph\":[{\"@type\":\"WebPage\",\"@id\":\"https:\/\/www.colores.fi\/sv\/om-colores\/dataskyddsbroschyr\/\",\"url\":\"https:\/\/www.colores.fi\/sv\/om-colores\/dataskyddsbroschyr\/\",\"name\":\"Dataskyddsbroschyr &#8211; Colores\",\"isPartOf\":{\"@id\":\"https:\/\/www.colores.fi\/#website\"},\"datePublished\":\"2018-05-28T14:08:54+00:00\",\"dateModified\":\"2024-12-03T11:12:47+00:00\",\"breadcrumb\":{\"@id\":\"https:\/\/www.colores.fi\/sv\/om-colores\/dataskyddsbroschyr\/#breadcrumb\"},\"inLanguage\":\"sv-SE\",\"potentialAction\":[{\"@type\":\"ReadAction\",\"target\":[\"https:\/\/www.colores.fi\/sv\/om-colores\/dataskyddsbroschyr\/\"]}]},{\"@type\":\"BreadcrumbList\",\"@id\":\"https:\/\/www.colores.fi\/sv\/om-colores\/dataskyddsbroschyr\/#breadcrumb\",\"itemListElement\":[{\"@type\":\"ListItem\",\"position\":1,\"name\":\"Home\",\"item\":\"https:\/\/www.colores.fi\/sv\/\"},{\"@type\":\"ListItem\",\"position\":2,\"name\":\"Om Colores\",\"item\":\"https:\/\/www.colores.fi\/sv\/om-colores\/\"},{\"@type\":\"ListItem\",\"position\":3,\"name\":\"Dataskyddsbroschyr\"}]},{\"@type\":\"WebSite\",\"@id\":\"https:\/\/www.colores.fi\/#website\",\"url\":\"https:\/\/www.colores.fi\/\",\"name\":\"Colores\",\"description\":\"Finlands Tarmcancerf\u00f6rening rf\",\"publisher\":{\"@id\":\"https:\/\/www.colores.fi\/#organization\"},\"potentialAction\":[{\"@type\":\"SearchAction\",\"target\":{\"@type\":\"EntryPoint\",\"urlTemplate\":\"https:\/\/www.colores.fi\/?s={search_term_string}\"},\"query-input\":\"required name=search_term_string\"}],\"inLanguage\":\"sv-SE\"},{\"@type\":\"Organization\",\"@id\":\"https:\/\/www.colores.fi\/#organization\",\"name\":\"Colores-Suomen suolistosy\u00f6p\u00e4yhdistys ry\",\"url\":\"https:\/\/www.colores.fi\/\",\"logo\":{\"@type\":\"ImageObject\",\"inLanguage\":\"sv-SE\",\"@id\":\"https:\/\/www.colores.fi\/#\/schema\/logo\/image\/\",\"url\":\"https:\/\/www.colores.fi\/app\/uploads\/2018\/05\/colores_logo.png\",\"contentUrl\":\"https:\/\/www.colores.fi\/app\/uploads\/2018\/05\/colores_logo.png\",\"width\":1795,\"height\":437,\"caption\":\"Colores-Suomen suolistosy\u00f6p\u00e4yhdistys ry\"},\"image\":{\"@id\":\"https:\/\/www.colores.fi\/#\/schema\/logo\/image\/\"}}]}<\/script>\n<!-- \/ Yoast SEO plugin. -->","yoast_head_json":{"title":"Dataskyddsbroschyr &#8211; Colores","robots":{"index":"index","follow":"follow","max-snippet":"max-snippet:-1","max-image-preview":"max-image-preview:large","max-video-preview":"max-video-preview:-1"},"canonical":"https:\/\/www.colores.fi\/sv\/om-colores\/dataskyddsbroschyr\/","og_locale":"sv_SE","og_type":"article","og_title":"Dataskyddsbroschyr &#8211; Colores","og_description":"Dataskyddslagen (1050\/2018) 10 \u00a7 enligt registerbroschyr 1. Registrets namn Colores- Finlands tarmcancerf\u00f6renings medlemsregister 2. Registeruppr\u00e4tth\u00e5llare Nimi: Colores &#8211; Suomen Suolistosy\u00f6p\u00e4yhdistys ryVerkkosivut: www.colores.fiOsoite: Malmin kauppatie 26, 00700 HelsinkiPuh. 050 501 2885S\u00e4hk\u00f6posti:\u00a0info@colores.fi 2.1 Person ansvarig f\u00f6r register\u00e4renden Person som sk\u00f6ter register\u00e4renden och som man kan kontakta. Nimi: Tiina KostiOsoite: Malmin kauppatie 26, 00700 HelsinkiPuh. 050 501 2885S\u00e4hk\u00f6posti:\u00a0tiina.kosti@colores.fi [&hellip;]","og_url":"https:\/\/www.colores.fi\/sv\/om-colores\/dataskyddsbroschyr\/","og_site_name":"Colores","article_modified_time":"2024-12-03T11:12:47+00:00","twitter_card":"summary_large_image","twitter_misc":{"Ber\u00e4knad l\u00e4stid":"4 minuter"},"schema":{"@context":"https:\/\/schema.org","@graph":[{"@type":"WebPage","@id":"https:\/\/www.colores.fi\/sv\/om-colores\/dataskyddsbroschyr\/","url":"https:\/\/www.colores.fi\/sv\/om-colores\/dataskyddsbroschyr\/","name":"Dataskyddsbroschyr &#8211; Colores","isPartOf":{"@id":"https:\/\/www.colores.fi\/#website"},"datePublished":"2018-05-28T14:08:54+00:00","dateModified":"2024-12-03T11:12:47+00:00","breadcrumb":{"@id":"https:\/\/www.colores.fi\/sv\/om-colores\/dataskyddsbroschyr\/#breadcrumb"},"inLanguage":"sv-SE","potentialAction":[{"@type":"ReadAction","target":["https:\/\/www.colores.fi\/sv\/om-colores\/dataskyddsbroschyr\/"]}]},{"@type":"BreadcrumbList","@id":"https:\/\/www.colores.fi\/sv\/om-colores\/dataskyddsbroschyr\/#breadcrumb","itemListElement":[{"@type":"ListItem","position":1,"name":"Home","item":"https:\/\/www.colores.fi\/sv\/"},{"@type":"ListItem","position":2,"name":"Om Colores","item":"https:\/\/www.colores.fi\/sv\/om-colores\/"},{"@type":"ListItem","position":3,"name":"Dataskyddsbroschyr"}]},{"@type":"WebSite","@id":"https:\/\/www.colores.fi\/#website","url":"https:\/\/www.colores.fi\/","name":"Colores","description":"Finlands Tarmcancerf\u00f6rening rf","publisher":{"@id":"https:\/\/www.colores.fi\/#organization"},"potentialAction":[{"@type":"SearchAction","target":{"@type":"EntryPoint","urlTemplate":"https:\/\/www.colores.fi\/?s={search_term_string}"},"query-input":"required name=search_term_string"}],"inLanguage":"sv-SE"},{"@type":"Organization","@id":"https:\/\/www.colores.fi\/#organization","name":"Colores-Suomen suolistosy\u00f6p\u00e4yhdistys ry","url":"https:\/\/www.colores.fi\/","logo":{"@type":"ImageObject","inLanguage":"sv-SE","@id":"https:\/\/www.colores.fi\/#\/schema\/logo\/image\/","url":"https:\/\/www.colores.fi\/app\/uploads\/2018\/05\/colores_logo.png","contentUrl":"https:\/\/www.colores.fi\/app\/uploads\/2018\/05\/colores_logo.png","width":1795,"height":437,"caption":"Colores-Suomen suolistosy\u00f6p\u00e4yhdistys ry"},"image":{"@id":"https:\/\/www.colores.fi\/#\/schema\/logo\/image\/"}}]}},"_links":{"self":[{"href":"https:\/\/www.colores.fi\/sv\/wp-json\/wp\/v2\/pages\/2226"}],"collection":[{"href":"https:\/\/www.colores.fi\/sv\/wp-json\/wp\/v2\/pages"}],"about":[{"href":"https:\/\/www.colores.fi\/sv\/wp-json\/wp\/v2\/types\/page"}],"author":[{"embeddable":true,"href":"https:\/\/www.colores.fi\/sv\/wp-json\/wp\/v2\/users\/1"}],"replies":[{"embeddable":true,"href":"https:\/\/www.colores.fi\/sv\/wp-json\/wp\/v2\/comments?post=2226"}],"version-history":[{"count":4,"href":"https:\/\/www.colores.fi\/sv\/wp-json\/wp\/v2\/pages\/2226\/revisions"}],"predecessor-version":[{"id":10533,"href":"https:\/\/www.colores.fi\/sv\/wp-json\/wp\/v2\/pages\/2226\/revisions\/10533"}],"up":[{"embeddable":true,"href":"https:\/\/www.colores.fi\/sv\/wp-json\/wp\/v2\/pages\/2176"}],"wp:attachment":[{"href":"https:\/\/www.colores.fi\/sv\/wp-json\/wp\/v2\/media?parent=2226"}],"curies":[{"name":"wp","href":"https:\/\/api.w.org\/{rel}","templated":true}]}}