{"id":2223,"date":"2018-07-16T09:53:03","date_gmt":"2018-07-16T06:53:03","guid":{"rendered":"https:\/\/www.colores.fi\/stod\/henkilokohtainen-vertaistuki\/"},"modified":"2019-12-11T10:36:10","modified_gmt":"2019-12-11T08:36:10","slug":"personligt-kamratstod","status":"publish","type":"page","link":"https:\/\/www.colores.fi\/sv\/personligt-kamratstod\/","title":{"rendered":"Personligt kamratst\u00f6d"},"content":{"rendered":"<p>F\u00f6reningens skolade frivilliga \u00e4r beredda att st\u00f6da tarmcancerpatienter och deras n\u00e4rmaste ansikte mot ansikte, per telefon eller per e-post. Med v\u00e5ra frivilliga, som sj\u00e4lva eller deras n\u00e4rmaste har haft tarmcancer, kan du prata i f\u00f6rtroende om allt som ber\u00f6r sjukdomen.<\/p>\n<p>V\u00e5ra frivilliga f\u00e5r till\u00e4ggsskolning regelbundet och de har full tystnadsplikt. Du beh\u00f6ver inte vara medlem i f\u00f6reningen f\u00f6r att f\u00e5 personligt kamratst\u00f6d.<\/p>\n<p>Om du beh\u00f6ver eller vill ha \u00a0en personlig st\u00f6dkamrat tag kontakt med Colores kansli. Vi hittar en l\u00e4mplig person f\u00f6r dej, som du d\u00e4refter kan kontakta p\u00e5 det s\u00e4tt du v\u00e4ljer.<\/p>\n<table class=\"diff\">\n<tbody>\n<tr>\n<td class=\"diff-deletedline\"><strong>St\u00f6dpersonblankett<\/strong><\/p>\n<p>\n<div class=\"wpcf7 no-js\" id=\"wpcf7-f2939-o1\" lang=\"en-US\" dir=\"ltr\">\n<div class=\"screen-reader-response\"><p role=\"status\" aria-live=\"polite\" aria-atomic=\"true\"><\/p> <ul><\/ul><\/div>\n<form action=\"\/sv\/wp-json\/wp\/v2\/pages\/2223#wpcf7-f2939-o1\" method=\"post\" class=\"wpcf7-form init\" aria-label=\"Contact form\" novalidate=\"novalidate\" data-status=\"init\">\n<div style=\"display: none;\">\n<input type=\"hidden\" name=\"_wpcf7\" value=\"2939\" \/>\n<input type=\"hidden\" name=\"_wpcf7_version\" value=\"5.9.8\" \/>\n<input type=\"hidden\" name=\"_wpcf7_locale\" value=\"en_US\" \/>\n<input type=\"hidden\" name=\"_wpcf7_unit_tag\" value=\"wpcf7-f2939-o1\" \/>\n<input type=\"hidden\" name=\"_wpcf7_container_post\" value=\"0\" \/>\n<input type=\"hidden\" name=\"_wpcf7_posted_data_hash\" value=\"\" \/>\n<input type=\"hidden\" name=\"_wpcf7cf_hidden_group_fields\" value=\"\" \/>\n<input type=\"hidden\" name=\"_wpcf7cf_hidden_groups\" value=\"\" \/>\n<input type=\"hidden\" name=\"_wpcf7cf_visible_groups\" value=\"\" \/>\n<input type=\"hidden\" name=\"_wpcf7cf_repeaters\" value=\"[]\" \/>\n<input type=\"hidden\" name=\"_wpcf7cf_steps\" value=\"{}\" \/>\n<input type=\"hidden\" name=\"_wpcf7cf_options\" value=\"{&quot;form_id&quot;:2939,&quot;conditions&quot;:[],&quot;settings&quot;:{&quot;animation&quot;:&quot;yes&quot;,&quot;animation_intime&quot;:200,&quot;animation_outtime&quot;:200,&quot;conditions_ui&quot;:&quot;normal&quot;,&quot;notice_dismissed&quot;:false,&quot;notice_dismissed_rollback-cf7-5.3.2&quot;:true}}\" \/>\n<\/div>\n<div class=\"form-join form-avustus-1\">\n\n<div class=\"form-group field-half your-name\">\n<div class=\"form-group your-name\"><input class=\"wpcf7-form-control wpcf7-text wpcf7-validates-as-required form-control\" name=\"your-name\" type=\"text\" value=\"\" placeholder=\"Namn\" aria-invalid=\"false\" aria-required=\"true\" required><\/div>\n<\/div>\n\n<div class=\"form-group field-half your-email\">\n<input type=\"email\" name=\"email\" placeholder=\"E-post\" aria-label=\"e-post\" \/>\n<\/div>\n\n<div class=\"form-group field-half your-phone\">\n<input type=\"text\" name=\"phone\" placeholder=\"Telefon\" aria-label=\"telefon\" \/>\n<\/div>\n\n<div class=\"group-select group-select-s1\">\n<label for=\"select1\" class=\"my-choice\">Ber\u00e4tta om din situation eller \u00f6nskem\u00e5l om st\u00f6dperson (k\u00f6n, \u00e5lder, m\u00f6jlig stomi etc.) Om du vill kan du ocks\u00e5 l\u00e4mna f\u00e4ltet tomt och inv\u00e4nta v\u00e5r kontakt, s\u00e5 g\u00e5r vi igenom dessa fr\u00e5gor.<\/label> \n<div class=\"form-group field-full your-extra-info-1\">\n<input type=\"text\" name=\"extra-info-1\" aria-label=\"Ber\u00e4tta om din situation\" placeholder=\"Ber\u00e4tta om din situation\" \/>\n<\/div>\n<\/div>\n\n<div class=\"form-group\"><div><input class=\"wpcf7-form-control wpcf7-submit colores-button btn btn-primary\" type=\"submit\" value=\"Skicka \u203a\"><\/div><\/div>\n<\/div><div class=\"wpcf7-response-output alert alert-warning\"><\/div>\n<\/form>\n<\/div>\n<\/td>\n<\/tr>\n<\/tbody>\n<\/table>\n","protected":false},"excerpt":{"rendered":"<p>F\u00f6reningens skolade frivilliga \u00e4r beredda att st\u00f6da tarmcancerpatienter och deras n\u00e4rmaste ansikte mot ansikte, per telefon eller per e-post. Med v\u00e5ra frivilliga, som sj\u00e4lva eller deras n\u00e4rmaste har haft tarmcancer, kan du prata i f\u00f6rtroende om allt som ber\u00f6r sjukdomen. V\u00e5ra frivilliga f\u00e5r till\u00e4ggsskolning regelbundet och de har full tystnadsplikt. Du beh\u00f6ver inte vara medlem [&hellip;]<\/p>\n","protected":false},"author":5,"featured_media":0,"parent":0,"menu_order":0,"comment_status":"closed","ping_status":"closed","template":"","meta":{"_genesis_hide_title":false,"_genesis_hide_breadcrumbs":false,"_genesis_hide_singular_image":false,"_genesis_hide_footer_widgets":false,"_genesis_custom_body_class":"","_genesis_custom_post_class":"","_genesis_layout":"","footnotes":""},"class_list":{"0":"post-2223","1":"page","2":"type-page","3":"status-publish","5":"entry","6":"has-post-thumbnail"},"acf":[],"yoast_head":"<!-- This site is optimized with the Yoast SEO plugin v23.3 - https:\/\/yoast.com\/wordpress\/plugins\/seo\/ -->\n<title>Personligt kamratst\u00f6d &#8211; Colores<\/title>\n<meta name=\"robots\" content=\"index, follow, max-snippet:-1, max-image-preview:large, max-video-preview:-1\" \/>\n<link rel=\"canonical\" href=\"https:\/\/www.colores.fi\/sv\/personligt-kamratstod\/\" \/>\n<meta property=\"og:locale\" content=\"sv_SE\" \/>\n<meta property=\"og:type\" content=\"article\" \/>\n<meta property=\"og:title\" content=\"Personligt kamratst\u00f6d &#8211; Colores\" \/>\n<meta property=\"og:description\" content=\"F\u00f6reningens skolade frivilliga \u00e4r beredda att st\u00f6da tarmcancerpatienter och deras n\u00e4rmaste ansikte mot ansikte, per telefon eller per e-post. Med v\u00e5ra frivilliga, som sj\u00e4lva eller deras n\u00e4rmaste har haft tarmcancer, kan du prata i f\u00f6rtroende om allt som ber\u00f6r sjukdomen. V\u00e5ra frivilliga f\u00e5r till\u00e4ggsskolning regelbundet och de har full tystnadsplikt. Du beh\u00f6ver inte vara medlem [&hellip;]\" \/>\n<meta property=\"og:url\" content=\"https:\/\/www.colores.fi\/sv\/personligt-kamratstod\/\" \/>\n<meta property=\"og:site_name\" content=\"Colores\" \/>\n<meta property=\"article:modified_time\" content=\"2019-12-11T08:36:10+00:00\" \/>\n<meta name=\"twitter:card\" content=\"summary_large_image\" \/>\n<meta name=\"twitter:label1\" content=\"Ber\u00e4knad l\u00e4stid\" \/>\n\t<meta name=\"twitter:data1\" content=\"1 minut\" \/>\n<script type=\"application\/ld+json\" class=\"yoast-schema-graph\">{\"@context\":\"https:\/\/schema.org\",\"@graph\":[{\"@type\":\"WebPage\",\"@id\":\"https:\/\/www.colores.fi\/sv\/personligt-kamratstod\/\",\"url\":\"https:\/\/www.colores.fi\/sv\/personligt-kamratstod\/\",\"name\":\"Personligt kamratst\u00f6d &#8211; Colores\",\"isPartOf\":{\"@id\":\"https:\/\/www.colores.fi\/#website\"},\"datePublished\":\"2018-07-16T06:53:03+00:00\",\"dateModified\":\"2019-12-11T08:36:10+00:00\",\"breadcrumb\":{\"@id\":\"https:\/\/www.colores.fi\/sv\/personligt-kamratstod\/#breadcrumb\"},\"inLanguage\":\"sv-SE\",\"potentialAction\":[{\"@type\":\"ReadAction\",\"target\":[\"https:\/\/www.colores.fi\/sv\/personligt-kamratstod\/\"]}]},{\"@type\":\"BreadcrumbList\",\"@id\":\"https:\/\/www.colores.fi\/sv\/personligt-kamratstod\/#breadcrumb\",\"itemListElement\":[{\"@type\":\"ListItem\",\"position\":1,\"name\":\"Home\",\"item\":\"https:\/\/www.colores.fi\/sv\/\"},{\"@type\":\"ListItem\",\"position\":2,\"name\":\"Personligt kamratst\u00f6d\"}]},{\"@type\":\"WebSite\",\"@id\":\"https:\/\/www.colores.fi\/#website\",\"url\":\"https:\/\/www.colores.fi\/\",\"name\":\"Colores\",\"description\":\"Finlands Tarmcancerf\u00f6rening rf\",\"publisher\":{\"@id\":\"https:\/\/www.colores.fi\/#organization\"},\"potentialAction\":[{\"@type\":\"SearchAction\",\"target\":{\"@type\":\"EntryPoint\",\"urlTemplate\":\"https:\/\/www.colores.fi\/?s={search_term_string}\"},\"query-input\":\"required name=search_term_string\"}],\"inLanguage\":\"sv-SE\"},{\"@type\":\"Organization\",\"@id\":\"https:\/\/www.colores.fi\/#organization\",\"name\":\"Colores-Suomen suolistosy\u00f6p\u00e4yhdistys ry\",\"url\":\"https:\/\/www.colores.fi\/\",\"logo\":{\"@type\":\"ImageObject\",\"inLanguage\":\"sv-SE\",\"@id\":\"https:\/\/www.colores.fi\/#\/schema\/logo\/image\/\",\"url\":\"https:\/\/www.colores.fi\/app\/uploads\/2018\/05\/colores_logo.png\",\"contentUrl\":\"https:\/\/www.colores.fi\/app\/uploads\/2018\/05\/colores_logo.png\",\"width\":1795,\"height\":437,\"caption\":\"Colores-Suomen suolistosy\u00f6p\u00e4yhdistys ry\"},\"image\":{\"@id\":\"https:\/\/www.colores.fi\/#\/schema\/logo\/image\/\"}}]}<\/script>\n<!-- \/ Yoast SEO plugin. -->","yoast_head_json":{"title":"Personligt kamratst\u00f6d &#8211; Colores","robots":{"index":"index","follow":"follow","max-snippet":"max-snippet:-1","max-image-preview":"max-image-preview:large","max-video-preview":"max-video-preview:-1"},"canonical":"https:\/\/www.colores.fi\/sv\/personligt-kamratstod\/","og_locale":"sv_SE","og_type":"article","og_title":"Personligt kamratst\u00f6d &#8211; Colores","og_description":"F\u00f6reningens skolade frivilliga \u00e4r beredda att st\u00f6da tarmcancerpatienter och deras n\u00e4rmaste ansikte mot ansikte, per telefon eller per e-post. Med v\u00e5ra frivilliga, som sj\u00e4lva eller deras n\u00e4rmaste har haft tarmcancer, kan du prata i f\u00f6rtroende om allt som ber\u00f6r sjukdomen. V\u00e5ra frivilliga f\u00e5r till\u00e4ggsskolning regelbundet och de har full tystnadsplikt. Du beh\u00f6ver inte vara medlem [&hellip;]","og_url":"https:\/\/www.colores.fi\/sv\/personligt-kamratstod\/","og_site_name":"Colores","article_modified_time":"2019-12-11T08:36:10+00:00","twitter_card":"summary_large_image","twitter_misc":{"Ber\u00e4knad l\u00e4stid":"1 minut"},"schema":{"@context":"https:\/\/schema.org","@graph":[{"@type":"WebPage","@id":"https:\/\/www.colores.fi\/sv\/personligt-kamratstod\/","url":"https:\/\/www.colores.fi\/sv\/personligt-kamratstod\/","name":"Personligt kamratst\u00f6d &#8211; Colores","isPartOf":{"@id":"https:\/\/www.colores.fi\/#website"},"datePublished":"2018-07-16T06:53:03+00:00","dateModified":"2019-12-11T08:36:10+00:00","breadcrumb":{"@id":"https:\/\/www.colores.fi\/sv\/personligt-kamratstod\/#breadcrumb"},"inLanguage":"sv-SE","potentialAction":[{"@type":"ReadAction","target":["https:\/\/www.colores.fi\/sv\/personligt-kamratstod\/"]}]},{"@type":"BreadcrumbList","@id":"https:\/\/www.colores.fi\/sv\/personligt-kamratstod\/#breadcrumb","itemListElement":[{"@type":"ListItem","position":1,"name":"Home","item":"https:\/\/www.colores.fi\/sv\/"},{"@type":"ListItem","position":2,"name":"Personligt kamratst\u00f6d"}]},{"@type":"WebSite","@id":"https:\/\/www.colores.fi\/#website","url":"https:\/\/www.colores.fi\/","name":"Colores","description":"Finlands Tarmcancerf\u00f6rening rf","publisher":{"@id":"https:\/\/www.colores.fi\/#organization"},"potentialAction":[{"@type":"SearchAction","target":{"@type":"EntryPoint","urlTemplate":"https:\/\/www.colores.fi\/?s={search_term_string}"},"query-input":"required name=search_term_string"}],"inLanguage":"sv-SE"},{"@type":"Organization","@id":"https:\/\/www.colores.fi\/#organization","name":"Colores-Suomen suolistosy\u00f6p\u00e4yhdistys ry","url":"https:\/\/www.colores.fi\/","logo":{"@type":"ImageObject","inLanguage":"sv-SE","@id":"https:\/\/www.colores.fi\/#\/schema\/logo\/image\/","url":"https:\/\/www.colores.fi\/app\/uploads\/2018\/05\/colores_logo.png","contentUrl":"https:\/\/www.colores.fi\/app\/uploads\/2018\/05\/colores_logo.png","width":1795,"height":437,"caption":"Colores-Suomen suolistosy\u00f6p\u00e4yhdistys ry"},"image":{"@id":"https:\/\/www.colores.fi\/#\/schema\/logo\/image\/"}}]}},"_links":{"self":[{"href":"https:\/\/www.colores.fi\/sv\/wp-json\/wp\/v2\/pages\/2223"}],"collection":[{"href":"https:\/\/www.colores.fi\/sv\/wp-json\/wp\/v2\/pages"}],"about":[{"href":"https:\/\/www.colores.fi\/sv\/wp-json\/wp\/v2\/types\/page"}],"author":[{"embeddable":true,"href":"https:\/\/www.colores.fi\/sv\/wp-json\/wp\/v2\/users\/5"}],"replies":[{"embeddable":true,"href":"https:\/\/www.colores.fi\/sv\/wp-json\/wp\/v2\/comments?post=2223"}],"version-history":[{"count":4,"href":"https:\/\/www.colores.fi\/sv\/wp-json\/wp\/v2\/pages\/2223\/revisions"}],"predecessor-version":[{"id":2946,"href":"https:\/\/www.colores.fi\/sv\/wp-json\/wp\/v2\/pages\/2223\/revisions\/2946"}],"wp:attachment":[{"href":"https:\/\/www.colores.fi\/sv\/wp-json\/wp\/v2\/media?parent=2223"}],"curies":[{"name":"wp","href":"https:\/\/api.w.org\/{rel}","templated":true}]}}