{"id":2221,"date":"2018-07-16T09:54:04","date_gmt":"2018-07-16T06:54:04","guid":{"rendered":"https:\/\/www.colores.fi\/stod\/vertaistukiryhmat\/"},"modified":"2020-11-30T13:48:41","modified_gmt":"2020-11-30T11:48:41","slug":"kamratstod","status":"publish","type":"page","link":"https:\/\/www.colores.fi\/sv\/kamratstod\/","title":{"rendered":"Kamratst\u00f6dgrupperna"},"content":{"rendered":"<p>Har du sj\u00e4lv insjuknat i tarmcancer eller \u00e4r du oroad f\u00f6r din n\u00e4rst\u00e5endes situation? Saknar du\u00a0 \u00f6deskamrater som k\u00e4nner samh\u00f6righet med din situation. V\u00e4lkommen med och diskutera och lyssna p\u00e5 andra tarmcancerpatienter och deras erfarenheter.<\/p>\n<p>Vi ordnar \u00f6ppna kamratst\u00f6dstr\u00e4ffar i Helsingfors och \u00c5bo dit de som insjuknat i tarmcancer kan komma och diskutera och utbyta erfarenheter med andra som har eller haft samma sjukdom.<\/p>\n<p>P\u00e5 kamratst\u00f6dstr\u00e4ffarna pratar vi \u00f6ppet om tarmcancer, men tar inte st\u00e4llning till behandlingar, mediciner eller v\u00e5rdpersonal.<\/p>\n<p>M\u00f6tet dras alltid av en skolad frivillig eller Cancerf\u00f6reningens anst\u00e4llda. Vi f\u00f6ruts\u00e4tter diskretion av alla deltagare. P\u00e5 m\u00f6tena bjuds kaffe, te och n\u00e5got tilltugg. F\u00f6r serveringens skull \u00e4r det \u00f6nskv\u00e4rt att man anm\u00e4ler sig, men det \u00e4r inte n\u00f6dv\u00e4ndigt. Man meddelar Colores kansli om deltagandet om inte annat n\u00e4mns. Kontaktuppgifter hittar du <a href=\"https:\/\/www.colores.fi\/sv\/om-colores\/kontakt-information\/\">h\u00e4r<\/a>.<\/p>\n<p>P\u00e5 kamrattr\u00e4ffarna pratas i huvudsak finska.<\/p>\n","protected":false},"excerpt":{"rendered":"<p>Har du sj\u00e4lv insjuknat i tarmcancer eller \u00e4r du oroad f\u00f6r din n\u00e4rst\u00e5endes situation? Saknar du\u00a0 \u00f6deskamrater som k\u00e4nner samh\u00f6righet med din situation. V\u00e4lkommen med och diskutera och lyssna p\u00e5 andra tarmcancerpatienter och deras erfarenheter. Vi ordnar \u00f6ppna kamratst\u00f6dstr\u00e4ffar i Helsingfors och \u00c5bo dit de som insjuknat i tarmcancer kan komma och diskutera och utbyta [&hellip;]<\/p>\n","protected":false},"author":5,"featured_media":0,"parent":0,"menu_order":0,"comment_status":"closed","ping_status":"closed","template":"","meta":{"_genesis_hide_title":false,"_genesis_hide_breadcrumbs":false,"_genesis_hide_singular_image":false,"_genesis_hide_footer_widgets":false,"_genesis_custom_body_class":"","_genesis_custom_post_class":"","_genesis_layout":"","footnotes":""},"class_list":{"0":"post-2221","1":"page","2":"type-page","3":"status-publish","5":"entry","6":"has-post-thumbnail"},"acf":[],"yoast_head":"<!-- This site is optimized with the Yoast SEO plugin v23.3 - https:\/\/yoast.com\/wordpress\/plugins\/seo\/ -->\n<title>Kamratst\u00f6dgrupperna &#8211; Colores<\/title>\n<meta name=\"description\" content=\"Maksuttomat vertaistukiryhm\u00e4t tarjoavat keskusteluapua suolistosy\u00f6p\u00e4potilaille ja heid\u00e4n l\u00e4heisilleen eri puolilla Suomea.\" \/>\n<meta name=\"robots\" content=\"index, follow, max-snippet:-1, max-image-preview:large, max-video-preview:-1\" \/>\n<link rel=\"canonical\" href=\"https:\/\/www.colores.fi\/sv\/kamratstod\/\" \/>\n<meta property=\"og:locale\" content=\"sv_SE\" \/>\n<meta property=\"og:type\" content=\"article\" \/>\n<meta property=\"og:title\" content=\"Kamratst\u00f6dgrupperna &#8211; Colores\" \/>\n<meta property=\"og:description\" content=\"Maksuttomat vertaistukiryhm\u00e4t tarjoavat keskusteluapua suolistosy\u00f6p\u00e4potilaille ja heid\u00e4n l\u00e4heisilleen eri puolilla Suomea.\" \/>\n<meta property=\"og:url\" content=\"https:\/\/www.colores.fi\/sv\/kamratstod\/\" \/>\n<meta property=\"og:site_name\" content=\"Colores\" \/>\n<meta property=\"article:modified_time\" content=\"2020-11-30T11:48:41+00:00\" \/>\n<meta name=\"twitter:card\" content=\"summary_large_image\" \/>\n<meta name=\"twitter:label1\" content=\"Ber\u00e4knad l\u00e4stid\" \/>\n\t<meta name=\"twitter:data1\" content=\"1 minut\" \/>\n<script type=\"application\/ld+json\" class=\"yoast-schema-graph\">{\"@context\":\"https:\/\/schema.org\",\"@graph\":[{\"@type\":\"WebPage\",\"@id\":\"https:\/\/www.colores.fi\/sv\/kamratstod\/\",\"url\":\"https:\/\/www.colores.fi\/sv\/kamratstod\/\",\"name\":\"Kamratst\u00f6dgrupperna &#8211; Colores\",\"isPartOf\":{\"@id\":\"https:\/\/www.colores.fi\/#website\"},\"datePublished\":\"2018-07-16T06:54:04+00:00\",\"dateModified\":\"2020-11-30T11:48:41+00:00\",\"description\":\"Maksuttomat vertaistukiryhm\u00e4t tarjoavat keskusteluapua suolistosy\u00f6p\u00e4potilaille ja heid\u00e4n l\u00e4heisilleen eri puolilla Suomea.\",\"breadcrumb\":{\"@id\":\"https:\/\/www.colores.fi\/sv\/kamratstod\/#breadcrumb\"},\"inLanguage\":\"sv-SE\",\"potentialAction\":[{\"@type\":\"ReadAction\",\"target\":[\"https:\/\/www.colores.fi\/sv\/kamratstod\/\"]}]},{\"@type\":\"BreadcrumbList\",\"@id\":\"https:\/\/www.colores.fi\/sv\/kamratstod\/#breadcrumb\",\"itemListElement\":[{\"@type\":\"ListItem\",\"position\":1,\"name\":\"Home\",\"item\":\"https:\/\/www.colores.fi\/sv\/\"},{\"@type\":\"ListItem\",\"position\":2,\"name\":\"Kamratst\u00f6dgrupperna\"}]},{\"@type\":\"WebSite\",\"@id\":\"https:\/\/www.colores.fi\/#website\",\"url\":\"https:\/\/www.colores.fi\/\",\"name\":\"Colores\",\"description\":\"Finlands Tarmcancerf\u00f6rening rf\",\"publisher\":{\"@id\":\"https:\/\/www.colores.fi\/#organization\"},\"potentialAction\":[{\"@type\":\"SearchAction\",\"target\":{\"@type\":\"EntryPoint\",\"urlTemplate\":\"https:\/\/www.colores.fi\/?s={search_term_string}\"},\"query-input\":\"required name=search_term_string\"}],\"inLanguage\":\"sv-SE\"},{\"@type\":\"Organization\",\"@id\":\"https:\/\/www.colores.fi\/#organization\",\"name\":\"Colores-Suomen suolistosy\u00f6p\u00e4yhdistys ry\",\"url\":\"https:\/\/www.colores.fi\/\",\"logo\":{\"@type\":\"ImageObject\",\"inLanguage\":\"sv-SE\",\"@id\":\"https:\/\/www.colores.fi\/#\/schema\/logo\/image\/\",\"url\":\"https:\/\/www.colores.fi\/app\/uploads\/2018\/05\/colores_logo.png\",\"contentUrl\":\"https:\/\/www.colores.fi\/app\/uploads\/2018\/05\/colores_logo.png\",\"width\":1795,\"height\":437,\"caption\":\"Colores-Suomen suolistosy\u00f6p\u00e4yhdistys ry\"},\"image\":{\"@id\":\"https:\/\/www.colores.fi\/#\/schema\/logo\/image\/\"}}]}<\/script>\n<!-- \/ Yoast SEO plugin. -->","yoast_head_json":{"title":"Kamratst\u00f6dgrupperna &#8211; Colores","description":"Maksuttomat vertaistukiryhm\u00e4t tarjoavat keskusteluapua suolistosy\u00f6p\u00e4potilaille ja heid\u00e4n l\u00e4heisilleen eri puolilla Suomea.","robots":{"index":"index","follow":"follow","max-snippet":"max-snippet:-1","max-image-preview":"max-image-preview:large","max-video-preview":"max-video-preview:-1"},"canonical":"https:\/\/www.colores.fi\/sv\/kamratstod\/","og_locale":"sv_SE","og_type":"article","og_title":"Kamratst\u00f6dgrupperna &#8211; Colores","og_description":"Maksuttomat vertaistukiryhm\u00e4t tarjoavat keskusteluapua suolistosy\u00f6p\u00e4potilaille ja heid\u00e4n l\u00e4heisilleen eri puolilla Suomea.","og_url":"https:\/\/www.colores.fi\/sv\/kamratstod\/","og_site_name":"Colores","article_modified_time":"2020-11-30T11:48:41+00:00","twitter_card":"summary_large_image","twitter_misc":{"Ber\u00e4knad l\u00e4stid":"1 minut"},"schema":{"@context":"https:\/\/schema.org","@graph":[{"@type":"WebPage","@id":"https:\/\/www.colores.fi\/sv\/kamratstod\/","url":"https:\/\/www.colores.fi\/sv\/kamratstod\/","name":"Kamratst\u00f6dgrupperna &#8211; Colores","isPartOf":{"@id":"https:\/\/www.colores.fi\/#website"},"datePublished":"2018-07-16T06:54:04+00:00","dateModified":"2020-11-30T11:48:41+00:00","description":"Maksuttomat vertaistukiryhm\u00e4t tarjoavat keskusteluapua suolistosy\u00f6p\u00e4potilaille ja heid\u00e4n l\u00e4heisilleen eri puolilla Suomea.","breadcrumb":{"@id":"https:\/\/www.colores.fi\/sv\/kamratstod\/#breadcrumb"},"inLanguage":"sv-SE","potentialAction":[{"@type":"ReadAction","target":["https:\/\/www.colores.fi\/sv\/kamratstod\/"]}]},{"@type":"BreadcrumbList","@id":"https:\/\/www.colores.fi\/sv\/kamratstod\/#breadcrumb","itemListElement":[{"@type":"ListItem","position":1,"name":"Home","item":"https:\/\/www.colores.fi\/sv\/"},{"@type":"ListItem","position":2,"name":"Kamratst\u00f6dgrupperna"}]},{"@type":"WebSite","@id":"https:\/\/www.colores.fi\/#website","url":"https:\/\/www.colores.fi\/","name":"Colores","description":"Finlands Tarmcancerf\u00f6rening rf","publisher":{"@id":"https:\/\/www.colores.fi\/#organization"},"potentialAction":[{"@type":"SearchAction","target":{"@type":"EntryPoint","urlTemplate":"https:\/\/www.colores.fi\/?s={search_term_string}"},"query-input":"required name=search_term_string"}],"inLanguage":"sv-SE"},{"@type":"Organization","@id":"https:\/\/www.colores.fi\/#organization","name":"Colores-Suomen suolistosy\u00f6p\u00e4yhdistys ry","url":"https:\/\/www.colores.fi\/","logo":{"@type":"ImageObject","inLanguage":"sv-SE","@id":"https:\/\/www.colores.fi\/#\/schema\/logo\/image\/","url":"https:\/\/www.colores.fi\/app\/uploads\/2018\/05\/colores_logo.png","contentUrl":"https:\/\/www.colores.fi\/app\/uploads\/2018\/05\/colores_logo.png","width":1795,"height":437,"caption":"Colores-Suomen suolistosy\u00f6p\u00e4yhdistys ry"},"image":{"@id":"https:\/\/www.colores.fi\/#\/schema\/logo\/image\/"}}]}},"_links":{"self":[{"href":"https:\/\/www.colores.fi\/sv\/wp-json\/wp\/v2\/pages\/2221"}],"collection":[{"href":"https:\/\/www.colores.fi\/sv\/wp-json\/wp\/v2\/pages"}],"about":[{"href":"https:\/\/www.colores.fi\/sv\/wp-json\/wp\/v2\/types\/page"}],"author":[{"embeddable":true,"href":"https:\/\/www.colores.fi\/sv\/wp-json\/wp\/v2\/users\/5"}],"replies":[{"embeddable":true,"href":"https:\/\/www.colores.fi\/sv\/wp-json\/wp\/v2\/comments?post=2221"}],"version-history":[{"count":3,"href":"https:\/\/www.colores.fi\/sv\/wp-json\/wp\/v2\/pages\/2221\/revisions"}],"predecessor-version":[{"id":4593,"href":"https:\/\/www.colores.fi\/sv\/wp-json\/wp\/v2\/pages\/2221\/revisions\/4593"}],"wp:attachment":[{"href":"https:\/\/www.colores.fi\/sv\/wp-json\/wp\/v2\/media?parent=2221"}],"curies":[{"name":"wp","href":"https:\/\/api.w.org\/{rel}","templated":true}]}}