{"id":2217,"date":"2018-05-29T15:42:07","date_gmt":"2018-05-29T12:42:07","guid":{"rendered":"https:\/\/www.colores.fi\/tuki\/"},"modified":"2021-06-01T14:49:39","modified_gmt":"2021-06-01T11:49:39","slug":"stod","status":"publish","type":"page","link":"https:\/\/www.colores.fi\/sv\/stod\/","title":{"rendered":"St\u00f6d"},"content":{"rendered":"<p>Kamratst\u00f6d \u00e4r ett st\u00f6d med l\u00e5g tr\u00f6skel som baserar sig p\u00e5 att dela likartade erfarenheter med en annan person. Kamratst\u00f6det ger perspektiv och hj\u00e4lper att hitta krafter d\u00e5 man insjuknat. Det grundar sig p\u00e5 j\u00e4mlikhet och \u00f6msesidig f\u00f6rst\u00e5else och kan ske ansikte mot ansikte, per telefon eller \u00f6ver n\u00e4tet.<\/p>\n<p>Colores rf:s kamratst\u00f6d \u00e4r avsedd f\u00f6r tarmcancerpatienter och deras n\u00e4rmaste, och \u00e4r \u00f6ppet och kostnadsfritt f\u00f6r alla. Verksamhetens m\u00e5ls\u00e4ttning \u00e4r att erbjuda st\u00f6d \u00e5t tarmcancerpatienter och deras n\u00e4rmaste i alla skeden av sjukdomen samt skapa trygga platser f\u00f6r utbytande av erfarenheter. F\u00f6reningens kamratst\u00f6d arrangeras av skolade frivilliga som antingen sj\u00e4lva eller deras n\u00e4ra har insjuknat i\u00a0 cancer. De frivilliga f\u00e5r regelbundet skolning och har tystnadsplikt.<\/p>\n<p>De frivilliga leder kamratst\u00f6dsgrupper i Helsingfors, \u00c5bo och Kuopio samt verkar som kamratst\u00f6dspersoner.<\/p>\n<p>Colores rf har tv\u00e5 samtalsgrupper p\u00e5 Facebook som \u00e4r \u00e4mnade\u00a0 f\u00f6r tarmcancerpatienter och deras n\u00e4rst\u00e5ende. H\u00e4r kan du l\u00e4sa mera om n\u00e4tst\u00f6dsverksamheten.<\/p>\n","protected":false},"excerpt":{"rendered":"<p>Kamratst\u00f6d \u00e4r ett st\u00f6d med l\u00e5g tr\u00f6skel som baserar sig p\u00e5 att dela likartade erfarenheter med en annan person. Kamratst\u00f6det ger perspektiv och hj\u00e4lper att hitta krafter d\u00e5 man insjuknat. Det grundar sig p\u00e5 j\u00e4mlikhet och \u00f6msesidig f\u00f6rst\u00e5else och kan ske ansikte mot ansikte, per telefon eller \u00f6ver n\u00e4tet. Colores rf:s kamratst\u00f6d \u00e4r avsedd f\u00f6r [&hellip;]<\/p>\n","protected":false},"author":1,"featured_media":2219,"parent":0,"menu_order":0,"comment_status":"closed","ping_status":"closed","template":"","meta":{"_genesis_hide_title":false,"_genesis_hide_breadcrumbs":false,"_genesis_hide_singular_image":false,"_genesis_hide_footer_widgets":false,"_genesis_custom_body_class":"","_genesis_custom_post_class":"","_genesis_layout":"","footnotes":""},"class_list":{"0":"post-2217","1":"page","2":"type-page","3":"status-publish","4":"has-post-thumbnail","6":"entry"},"acf":[],"yoast_head":"<!-- This site is optimized with the Yoast SEO plugin v23.3 - https:\/\/yoast.com\/wordpress\/plugins\/seo\/ -->\n<title>Kamratst\u00f6d f\u00f6r cancerpatienter<\/title>\n<meta name=\"description\" content=\"Hos Colores rf kan du f\u00e5 kamratst\u00f6d som cancerpatient av skolade kamratst\u00f6dgivare.\" \/>\n<meta name=\"robots\" content=\"index, follow, max-snippet:-1, max-image-preview:large, max-video-preview:-1\" \/>\n<link rel=\"canonical\" href=\"https:\/\/www.colores.fi\/sv\/stod\/\" \/>\n<meta property=\"og:locale\" content=\"sv_SE\" \/>\n<meta property=\"og:type\" content=\"article\" \/>\n<meta property=\"og:title\" content=\"Kamratst\u00f6d f\u00f6r cancerpatienter\" \/>\n<meta property=\"og:description\" content=\"Hos Colores rf kan du f\u00e5 kamratst\u00f6d som cancerpatient av skolade kamratst\u00f6dgivare.\" \/>\n<meta property=\"og:url\" content=\"https:\/\/www.colores.fi\/sv\/stod\/\" \/>\n<meta property=\"og:site_name\" content=\"Colores\" \/>\n<meta property=\"article:modified_time\" content=\"2021-06-01T11:49:39+00:00\" \/>\n<meta property=\"og:image\" content=\"https:\/\/www.colores.fi\/app\/uploads\/2018\/12\/masaaki-komori-597700-unsplash.jpg\" \/>\n\t<meta property=\"og:image:width\" content=\"6016\" \/>\n\t<meta property=\"og:image:height\" content=\"4016\" \/>\n\t<meta property=\"og:image:type\" content=\"image\/jpeg\" \/>\n<meta name=\"twitter:card\" content=\"summary_large_image\" \/>\n<meta name=\"twitter:label1\" content=\"Ber\u00e4knad l\u00e4stid\" \/>\n\t<meta name=\"twitter:data1\" content=\"1 minut\" \/>\n<script type=\"application\/ld+json\" class=\"yoast-schema-graph\">{\"@context\":\"https:\/\/schema.org\",\"@graph\":[{\"@type\":\"WebPage\",\"@id\":\"https:\/\/www.colores.fi\/sv\/stod\/\",\"url\":\"https:\/\/www.colores.fi\/sv\/stod\/\",\"name\":\"Kamratst\u00f6d f\u00f6r cancerpatienter\",\"isPartOf\":{\"@id\":\"https:\/\/www.colores.fi\/#website\"},\"primaryImageOfPage\":{\"@id\":\"https:\/\/www.colores.fi\/sv\/stod\/#primaryimage\"},\"image\":{\"@id\":\"https:\/\/www.colores.fi\/sv\/stod\/#primaryimage\"},\"thumbnailUrl\":\"https:\/\/www.colores.fi\/app\/uploads\/2018\/12\/masaaki-komori-597700-unsplash.jpg\",\"datePublished\":\"2018-05-29T12:42:07+00:00\",\"dateModified\":\"2021-06-01T11:49:39+00:00\",\"description\":\"Hos Colores rf kan du f\u00e5 kamratst\u00f6d som cancerpatient av skolade kamratst\u00f6dgivare.\",\"breadcrumb\":{\"@id\":\"https:\/\/www.colores.fi\/sv\/stod\/#breadcrumb\"},\"inLanguage\":\"sv-SE\",\"potentialAction\":[{\"@type\":\"ReadAction\",\"target\":[\"https:\/\/www.colores.fi\/sv\/stod\/\"]}]},{\"@type\":\"ImageObject\",\"inLanguage\":\"sv-SE\",\"@id\":\"https:\/\/www.colores.fi\/sv\/stod\/#primaryimage\",\"url\":\"https:\/\/www.colores.fi\/app\/uploads\/2018\/12\/masaaki-komori-597700-unsplash.jpg\",\"contentUrl\":\"https:\/\/www.colores.fi\/app\/uploads\/2018\/12\/masaaki-komori-597700-unsplash.jpg\",\"width\":6016,\"height\":4016},{\"@type\":\"BreadcrumbList\",\"@id\":\"https:\/\/www.colores.fi\/sv\/stod\/#breadcrumb\",\"itemListElement\":[{\"@type\":\"ListItem\",\"position\":1,\"name\":\"Home\",\"item\":\"https:\/\/www.colores.fi\/sv\/\"},{\"@type\":\"ListItem\",\"position\":2,\"name\":\"St\u00f6d\"}]},{\"@type\":\"WebSite\",\"@id\":\"https:\/\/www.colores.fi\/#website\",\"url\":\"https:\/\/www.colores.fi\/\",\"name\":\"Colores\",\"description\":\"Finlands Tarmcancerf\u00f6rening rf\",\"publisher\":{\"@id\":\"https:\/\/www.colores.fi\/#organization\"},\"potentialAction\":[{\"@type\":\"SearchAction\",\"target\":{\"@type\":\"EntryPoint\",\"urlTemplate\":\"https:\/\/www.colores.fi\/?s={search_term_string}\"},\"query-input\":\"required name=search_term_string\"}],\"inLanguage\":\"sv-SE\"},{\"@type\":\"Organization\",\"@id\":\"https:\/\/www.colores.fi\/#organization\",\"name\":\"Colores-Suomen suolistosy\u00f6p\u00e4yhdistys ry\",\"url\":\"https:\/\/www.colores.fi\/\",\"logo\":{\"@type\":\"ImageObject\",\"inLanguage\":\"sv-SE\",\"@id\":\"https:\/\/www.colores.fi\/#\/schema\/logo\/image\/\",\"url\":\"https:\/\/www.colores.fi\/app\/uploads\/2018\/05\/colores_logo.png\",\"contentUrl\":\"https:\/\/www.colores.fi\/app\/uploads\/2018\/05\/colores_logo.png\",\"width\":1795,\"height\":437,\"caption\":\"Colores-Suomen suolistosy\u00f6p\u00e4yhdistys ry\"},\"image\":{\"@id\":\"https:\/\/www.colores.fi\/#\/schema\/logo\/image\/\"}}]}<\/script>\n<!-- \/ Yoast SEO plugin. -->","yoast_head_json":{"title":"Kamratst\u00f6d f\u00f6r cancerpatienter","description":"Hos Colores rf kan du f\u00e5 kamratst\u00f6d som cancerpatient av skolade kamratst\u00f6dgivare.","robots":{"index":"index","follow":"follow","max-snippet":"max-snippet:-1","max-image-preview":"max-image-preview:large","max-video-preview":"max-video-preview:-1"},"canonical":"https:\/\/www.colores.fi\/sv\/stod\/","og_locale":"sv_SE","og_type":"article","og_title":"Kamratst\u00f6d f\u00f6r cancerpatienter","og_description":"Hos Colores rf kan du f\u00e5 kamratst\u00f6d som cancerpatient av skolade kamratst\u00f6dgivare.","og_url":"https:\/\/www.colores.fi\/sv\/stod\/","og_site_name":"Colores","article_modified_time":"2021-06-01T11:49:39+00:00","og_image":[{"width":6016,"height":4016,"url":"https:\/\/www.colores.fi\/app\/uploads\/2018\/12\/masaaki-komori-597700-unsplash.jpg","type":"image\/jpeg"}],"twitter_card":"summary_large_image","twitter_misc":{"Ber\u00e4knad l\u00e4stid":"1 minut"},"schema":{"@context":"https:\/\/schema.org","@graph":[{"@type":"WebPage","@id":"https:\/\/www.colores.fi\/sv\/stod\/","url":"https:\/\/www.colores.fi\/sv\/stod\/","name":"Kamratst\u00f6d f\u00f6r cancerpatienter","isPartOf":{"@id":"https:\/\/www.colores.fi\/#website"},"primaryImageOfPage":{"@id":"https:\/\/www.colores.fi\/sv\/stod\/#primaryimage"},"image":{"@id":"https:\/\/www.colores.fi\/sv\/stod\/#primaryimage"},"thumbnailUrl":"https:\/\/www.colores.fi\/app\/uploads\/2018\/12\/masaaki-komori-597700-unsplash.jpg","datePublished":"2018-05-29T12:42:07+00:00","dateModified":"2021-06-01T11:49:39+00:00","description":"Hos Colores rf kan du f\u00e5 kamratst\u00f6d som cancerpatient av skolade kamratst\u00f6dgivare.","breadcrumb":{"@id":"https:\/\/www.colores.fi\/sv\/stod\/#breadcrumb"},"inLanguage":"sv-SE","potentialAction":[{"@type":"ReadAction","target":["https:\/\/www.colores.fi\/sv\/stod\/"]}]},{"@type":"ImageObject","inLanguage":"sv-SE","@id":"https:\/\/www.colores.fi\/sv\/stod\/#primaryimage","url":"https:\/\/www.colores.fi\/app\/uploads\/2018\/12\/masaaki-komori-597700-unsplash.jpg","contentUrl":"https:\/\/www.colores.fi\/app\/uploads\/2018\/12\/masaaki-komori-597700-unsplash.jpg","width":6016,"height":4016},{"@type":"BreadcrumbList","@id":"https:\/\/www.colores.fi\/sv\/stod\/#breadcrumb","itemListElement":[{"@type":"ListItem","position":1,"name":"Home","item":"https:\/\/www.colores.fi\/sv\/"},{"@type":"ListItem","position":2,"name":"St\u00f6d"}]},{"@type":"WebSite","@id":"https:\/\/www.colores.fi\/#website","url":"https:\/\/www.colores.fi\/","name":"Colores","description":"Finlands Tarmcancerf\u00f6rening rf","publisher":{"@id":"https:\/\/www.colores.fi\/#organization"},"potentialAction":[{"@type":"SearchAction","target":{"@type":"EntryPoint","urlTemplate":"https:\/\/www.colores.fi\/?s={search_term_string}"},"query-input":"required name=search_term_string"}],"inLanguage":"sv-SE"},{"@type":"Organization","@id":"https:\/\/www.colores.fi\/#organization","name":"Colores-Suomen suolistosy\u00f6p\u00e4yhdistys ry","url":"https:\/\/www.colores.fi\/","logo":{"@type":"ImageObject","inLanguage":"sv-SE","@id":"https:\/\/www.colores.fi\/#\/schema\/logo\/image\/","url":"https:\/\/www.colores.fi\/app\/uploads\/2018\/05\/colores_logo.png","contentUrl":"https:\/\/www.colores.fi\/app\/uploads\/2018\/05\/colores_logo.png","width":1795,"height":437,"caption":"Colores-Suomen suolistosy\u00f6p\u00e4yhdistys ry"},"image":{"@id":"https:\/\/www.colores.fi\/#\/schema\/logo\/image\/"}}]}},"_links":{"self":[{"href":"https:\/\/www.colores.fi\/sv\/wp-json\/wp\/v2\/pages\/2217"}],"collection":[{"href":"https:\/\/www.colores.fi\/sv\/wp-json\/wp\/v2\/pages"}],"about":[{"href":"https:\/\/www.colores.fi\/sv\/wp-json\/wp\/v2\/types\/page"}],"author":[{"embeddable":true,"href":"https:\/\/www.colores.fi\/sv\/wp-json\/wp\/v2\/users\/1"}],"replies":[{"embeddable":true,"href":"https:\/\/www.colores.fi\/sv\/wp-json\/wp\/v2\/comments?post=2217"}],"version-history":[{"count":4,"href":"https:\/\/www.colores.fi\/sv\/wp-json\/wp\/v2\/pages\/2217\/revisions"}],"predecessor-version":[{"id":5543,"href":"https:\/\/www.colores.fi\/sv\/wp-json\/wp\/v2\/pages\/2217\/revisions\/5543"}],"wp:featuredmedia":[{"embeddable":true,"href":"https:\/\/www.colores.fi\/sv\/wp-json\/wp\/v2\/media\/2219"}],"wp:attachment":[{"href":"https:\/\/www.colores.fi\/sv\/wp-json\/wp\/v2\/media?parent=2217"}],"curies":[{"name":"wp","href":"https:\/\/api.w.org\/{rel}","templated":true}]}}