{"id":2209,"date":"2018-06-15T11:14:12","date_gmt":"2018-06-15T08:14:12","guid":{"rendered":"https:\/\/www.colores.fi\/information-om-tarmcancer\/oireet\/"},"modified":"2021-04-29T15:30:27","modified_gmt":"2021-04-29T12:30:27","slug":"symptom","status":"publish","type":"page","link":"https:\/\/www.colores.fi\/sv\/symptom\/","title":{"rendered":"Symptom"},"content":{"rendered":"<p>Allm\u00e4nna symptom p\u00e5 tarmcancer \u00e4r olika funktionsst\u00f6rningar s\u00e5som magont, f\u00f6rstoppning, v\u00e4xelvis diarr\u00e9 och sv\u00e5righet att t\u00f6mma tarmen. Patienten kan \u00e4ven ha tr\u00e4ngande avf\u00f6ringsbehov, slemmig och kanpp avf\u00f6ring eller magsvullnad och -kramp.<\/p>\n<p>Blod i avf\u00f6ringen upptr\u00e4der i synnerhet vid cancer i \u00e4ndtarmen. Synligt blod iakttas vid \u00e4ndtarmscancer och ockult blod kan konstateras vid tjocktarmscancer. D\u00e4rf\u00f6r \u00e4r \u00e4ven anemi ett vanligt symptom vid tjocktarmscencer. Ibland kan tum\u00f6ren f\u00f6rorsaka en tillt\u00e4ppning av tarmen, som medf\u00f6r uppkastningar, sv\u00e5righet att t\u00f6mma tarmen och sv\u00e5r magsm\u00e4rta. I dylika fall \u00e4r akut operation n\u00f6dv\u00e4ndig. Om \u00e4ndtarmstum\u00f6ren spridit sig utanf\u00f6r tarmen kan den \u00e4ven f\u00f6rorsaka sm\u00e4rta i svanskots- och h\u00f6ftregionen.<\/p>\n<p>Eftersom symptom p\u00e5 tarmcancer yppar sig gradvis ock likande besv\u00e4r kan ha upptr\u00e4tt i \u00e5ratal, \u00e4r det ofta sv\u00e5rt att misst\u00e4nka dem som allvarliga. D\u00e4rf\u00f6r blir ocks\u00e5 upps\u00f6kandet av utredning ofta f\u00f6rdr\u00f6jt. Dessutom har rapporterats att en stor del av patienterna upplever symptomen som generande, varf\u00f6r upp till en femtedel s\u00f6ker l\u00e4karv\u00e5rd f\u00f6rt d\u00e5 sjukdomen redan avancerat.<\/p>\n<h2>Mest allm\u00e4nna symptom vid tarmcancer:<\/h2>\n<ul>\n<li>Olika magbesv\u00e4r, s\u00e5som magont, t\u00f6mningsbesv\u00e4r, v\u00e4xlande diarr\u00e9 och f\u00f6rstoppning<\/li>\n<li>Blodig avf\u00f6ring<\/li>\n<li>Anemi (l\u00e5g hemoglobinhalt i blodet)<\/li>\n<li>Obstruktion av tarmen<\/li>\n<li>Sm\u00e5rta i svanskots &#8211; och h\u00f6ftregionen<\/li>\n<\/ul>\n","protected":false},"excerpt":{"rendered":"<p>Allm\u00e4nna symptom p\u00e5 tarmcancer \u00e4r olika funktionsst\u00f6rningar s\u00e5som magont, f\u00f6rstoppning, v\u00e4xelvis diarr\u00e9 och sv\u00e5righet att t\u00f6mma tarmen. Patienten kan \u00e4ven ha tr\u00e4ngande avf\u00f6ringsbehov, slemmig och kanpp avf\u00f6ring eller magsvullnad och -kramp. Blod i avf\u00f6ringen upptr\u00e4der i synnerhet vid cancer i \u00e4ndtarmen. Synligt blod iakttas vid \u00e4ndtarmscancer och ockult blod kan konstateras vid tjocktarmscancer. D\u00e4rf\u00f6r \u00e4r [&hellip;]<\/p>\n","protected":false},"author":3,"featured_media":0,"parent":0,"menu_order":0,"comment_status":"closed","ping_status":"closed","template":"","meta":{"_genesis_hide_title":false,"_genesis_hide_breadcrumbs":false,"_genesis_hide_singular_image":false,"_genesis_hide_footer_widgets":false,"_genesis_custom_body_class":"","_genesis_custom_post_class":"","_genesis_layout":"","footnotes":""},"class_list":{"0":"post-2209","1":"page","2":"type-page","3":"status-publish","5":"entry","6":"has-post-thumbnail"},"acf":[],"yoast_head":"<!-- This site is optimized with the Yoast SEO plugin v23.3 - https:\/\/yoast.com\/wordpress\/plugins\/seo\/ -->\n<title>Symptom &#8211; Colores<\/title>\n<meta name=\"robots\" content=\"index, follow, max-snippet:-1, max-image-preview:large, max-video-preview:-1\" \/>\n<link rel=\"canonical\" href=\"https:\/\/www.colores.fi\/sv\/symptom\/\" \/>\n<meta property=\"og:locale\" content=\"sv_SE\" \/>\n<meta property=\"og:type\" content=\"article\" \/>\n<meta property=\"og:title\" content=\"Symptom &#8211; Colores\" \/>\n<meta property=\"og:description\" content=\"Allm\u00e4nna symptom p\u00e5 tarmcancer \u00e4r olika funktionsst\u00f6rningar s\u00e5som magont, f\u00f6rstoppning, v\u00e4xelvis diarr\u00e9 och sv\u00e5righet att t\u00f6mma tarmen. Patienten kan \u00e4ven ha tr\u00e4ngande avf\u00f6ringsbehov, slemmig och kanpp avf\u00f6ring eller magsvullnad och -kramp. Blod i avf\u00f6ringen upptr\u00e4der i synnerhet vid cancer i \u00e4ndtarmen. Synligt blod iakttas vid \u00e4ndtarmscancer och ockult blod kan konstateras vid tjocktarmscancer. D\u00e4rf\u00f6r \u00e4r [&hellip;]\" \/>\n<meta property=\"og:url\" content=\"https:\/\/www.colores.fi\/sv\/symptom\/\" \/>\n<meta property=\"og:site_name\" content=\"Colores\" \/>\n<meta property=\"article:modified_time\" content=\"2021-04-29T12:30:27+00:00\" \/>\n<meta name=\"twitter:card\" content=\"summary_large_image\" \/>\n<meta name=\"twitter:label1\" content=\"Ber\u00e4knad l\u00e4stid\" \/>\n\t<meta name=\"twitter:data1\" content=\"1 minut\" \/>\n<script type=\"application\/ld+json\" class=\"yoast-schema-graph\">{\"@context\":\"https:\/\/schema.org\",\"@graph\":[{\"@type\":\"WebPage\",\"@id\":\"https:\/\/www.colores.fi\/sv\/symptom\/\",\"url\":\"https:\/\/www.colores.fi\/sv\/symptom\/\",\"name\":\"Symptom &#8211; Colores\",\"isPartOf\":{\"@id\":\"https:\/\/www.colores.fi\/#website\"},\"datePublished\":\"2018-06-15T08:14:12+00:00\",\"dateModified\":\"2021-04-29T12:30:27+00:00\",\"breadcrumb\":{\"@id\":\"https:\/\/www.colores.fi\/sv\/symptom\/#breadcrumb\"},\"inLanguage\":\"sv-SE\",\"potentialAction\":[{\"@type\":\"ReadAction\",\"target\":[\"https:\/\/www.colores.fi\/sv\/symptom\/\"]}]},{\"@type\":\"BreadcrumbList\",\"@id\":\"https:\/\/www.colores.fi\/sv\/symptom\/#breadcrumb\",\"itemListElement\":[{\"@type\":\"ListItem\",\"position\":1,\"name\":\"Home\",\"item\":\"https:\/\/www.colores.fi\/sv\/\"},{\"@type\":\"ListItem\",\"position\":2,\"name\":\"Symptom\"}]},{\"@type\":\"WebSite\",\"@id\":\"https:\/\/www.colores.fi\/#website\",\"url\":\"https:\/\/www.colores.fi\/\",\"name\":\"Colores\",\"description\":\"Finlands Tarmcancerf\u00f6rening rf\",\"publisher\":{\"@id\":\"https:\/\/www.colores.fi\/#organization\"},\"potentialAction\":[{\"@type\":\"SearchAction\",\"target\":{\"@type\":\"EntryPoint\",\"urlTemplate\":\"https:\/\/www.colores.fi\/?s={search_term_string}\"},\"query-input\":\"required name=search_term_string\"}],\"inLanguage\":\"sv-SE\"},{\"@type\":\"Organization\",\"@id\":\"https:\/\/www.colores.fi\/#organization\",\"name\":\"Colores-Suomen suolistosy\u00f6p\u00e4yhdistys ry\",\"url\":\"https:\/\/www.colores.fi\/\",\"logo\":{\"@type\":\"ImageObject\",\"inLanguage\":\"sv-SE\",\"@id\":\"https:\/\/www.colores.fi\/#\/schema\/logo\/image\/\",\"url\":\"https:\/\/www.colores.fi\/app\/uploads\/2018\/05\/colores_logo.png\",\"contentUrl\":\"https:\/\/www.colores.fi\/app\/uploads\/2018\/05\/colores_logo.png\",\"width\":1795,\"height\":437,\"caption\":\"Colores-Suomen suolistosy\u00f6p\u00e4yhdistys ry\"},\"image\":{\"@id\":\"https:\/\/www.colores.fi\/#\/schema\/logo\/image\/\"}}]}<\/script>\n<!-- \/ Yoast SEO plugin. -->","yoast_head_json":{"title":"Symptom &#8211; Colores","robots":{"index":"index","follow":"follow","max-snippet":"max-snippet:-1","max-image-preview":"max-image-preview:large","max-video-preview":"max-video-preview:-1"},"canonical":"https:\/\/www.colores.fi\/sv\/symptom\/","og_locale":"sv_SE","og_type":"article","og_title":"Symptom &#8211; Colores","og_description":"Allm\u00e4nna symptom p\u00e5 tarmcancer \u00e4r olika funktionsst\u00f6rningar s\u00e5som magont, f\u00f6rstoppning, v\u00e4xelvis diarr\u00e9 och sv\u00e5righet att t\u00f6mma tarmen. Patienten kan \u00e4ven ha tr\u00e4ngande avf\u00f6ringsbehov, slemmig och kanpp avf\u00f6ring eller magsvullnad och -kramp. Blod i avf\u00f6ringen upptr\u00e4der i synnerhet vid cancer i \u00e4ndtarmen. Synligt blod iakttas vid \u00e4ndtarmscancer och ockult blod kan konstateras vid tjocktarmscancer. D\u00e4rf\u00f6r \u00e4r [&hellip;]","og_url":"https:\/\/www.colores.fi\/sv\/symptom\/","og_site_name":"Colores","article_modified_time":"2021-04-29T12:30:27+00:00","twitter_card":"summary_large_image","twitter_misc":{"Ber\u00e4knad l\u00e4stid":"1 minut"},"schema":{"@context":"https:\/\/schema.org","@graph":[{"@type":"WebPage","@id":"https:\/\/www.colores.fi\/sv\/symptom\/","url":"https:\/\/www.colores.fi\/sv\/symptom\/","name":"Symptom &#8211; Colores","isPartOf":{"@id":"https:\/\/www.colores.fi\/#website"},"datePublished":"2018-06-15T08:14:12+00:00","dateModified":"2021-04-29T12:30:27+00:00","breadcrumb":{"@id":"https:\/\/www.colores.fi\/sv\/symptom\/#breadcrumb"},"inLanguage":"sv-SE","potentialAction":[{"@type":"ReadAction","target":["https:\/\/www.colores.fi\/sv\/symptom\/"]}]},{"@type":"BreadcrumbList","@id":"https:\/\/www.colores.fi\/sv\/symptom\/#breadcrumb","itemListElement":[{"@type":"ListItem","position":1,"name":"Home","item":"https:\/\/www.colores.fi\/sv\/"},{"@type":"ListItem","position":2,"name":"Symptom"}]},{"@type":"WebSite","@id":"https:\/\/www.colores.fi\/#website","url":"https:\/\/www.colores.fi\/","name":"Colores","description":"Finlands Tarmcancerf\u00f6rening rf","publisher":{"@id":"https:\/\/www.colores.fi\/#organization"},"potentialAction":[{"@type":"SearchAction","target":{"@type":"EntryPoint","urlTemplate":"https:\/\/www.colores.fi\/?s={search_term_string}"},"query-input":"required name=search_term_string"}],"inLanguage":"sv-SE"},{"@type":"Organization","@id":"https:\/\/www.colores.fi\/#organization","name":"Colores-Suomen suolistosy\u00f6p\u00e4yhdistys ry","url":"https:\/\/www.colores.fi\/","logo":{"@type":"ImageObject","inLanguage":"sv-SE","@id":"https:\/\/www.colores.fi\/#\/schema\/logo\/image\/","url":"https:\/\/www.colores.fi\/app\/uploads\/2018\/05\/colores_logo.png","contentUrl":"https:\/\/www.colores.fi\/app\/uploads\/2018\/05\/colores_logo.png","width":1795,"height":437,"caption":"Colores-Suomen suolistosy\u00f6p\u00e4yhdistys ry"},"image":{"@id":"https:\/\/www.colores.fi\/#\/schema\/logo\/image\/"}}]}},"_links":{"self":[{"href":"https:\/\/www.colores.fi\/sv\/wp-json\/wp\/v2\/pages\/2209"}],"collection":[{"href":"https:\/\/www.colores.fi\/sv\/wp-json\/wp\/v2\/pages"}],"about":[{"href":"https:\/\/www.colores.fi\/sv\/wp-json\/wp\/v2\/types\/page"}],"author":[{"embeddable":true,"href":"https:\/\/www.colores.fi\/sv\/wp-json\/wp\/v2\/users\/3"}],"replies":[{"embeddable":true,"href":"https:\/\/www.colores.fi\/sv\/wp-json\/wp\/v2\/comments?post=2209"}],"version-history":[{"count":4,"href":"https:\/\/www.colores.fi\/sv\/wp-json\/wp\/v2\/pages\/2209\/revisions"}],"predecessor-version":[{"id":5419,"href":"https:\/\/www.colores.fi\/sv\/wp-json\/wp\/v2\/pages\/2209\/revisions\/5419"}],"wp:attachment":[{"href":"https:\/\/www.colores.fi\/sv\/wp-json\/wp\/v2\/media?parent=2209"}],"curies":[{"name":"wp","href":"https:\/\/api.w.org\/{rel}","templated":true}]}}