{"id":2200,"date":"2018-06-15T11:34:05","date_gmt":"2018-06-15T08:34:05","guid":{"rendered":"https:\/\/www.colores.fi\/information-om-tarmcancer\/riskitekijat-ja-seulonta\/"},"modified":"2021-04-29T15:27:25","modified_gmt":"2021-04-29T12:27:25","slug":"riskfaktorer","status":"publish","type":"page","link":"https:\/\/www.colores.fi\/sv\/riskfaktorer\/","title":{"rendered":"Riskfaktorer"},"content":{"rendered":"<p>Orsakerna till tarmcancer kan ej med best\u00e4mdhet specificeras. Dock har man bed\u00f6mt att en del av fallen kunde f\u00f6rhindras genom f\u00f6r\u00e4ndrade kostvanor, fysisk aktivitet och undvikande av \u00f6vervikt. Personer som lider av kroniska inflammationssjukdomar i tarmen har \u00f6kad risk att drabbas av tjock- och \u00e4ndtarmscancer. \u00c4ven \u00e4rftlig predisposition f\u00f6rekommer. I nedanst\u00e5ende lista anges de vanligaste faktorerna som kan predisponera f\u00f6r tarmtum\u00f6r:<\/p>\n<ul>\n<li>\u00e5lder \u00f6ver 50 \u00e5r<\/li>\n<li>f\u00f6da fattig p\u00e5 fiber ock rik p\u00e5 animaliska fetter<\/li>\n<li>\u00f6vervikt<\/li>\n<li>stillasittande livsstil<\/li>\n<li>kronisk tarminflammation s\u00e5som ulcer\u00f6s colit och Crohns sjukdom<\/li>\n<li>polyper i magtarmkanalen<\/li>\n<li>tidigare genomliden tarmcancer<\/li>\n<li>tjock- och \u00e4ndtarmscancer i sl\u00e4kten<\/li>\n<\/ul>\n","protected":false},"excerpt":{"rendered":"<p>Orsakerna till tarmcancer kan ej med best\u00e4mdhet specificeras. Dock har man bed\u00f6mt att en del av fallen kunde f\u00f6rhindras genom f\u00f6r\u00e4ndrade kostvanor, fysisk aktivitet och undvikande av \u00f6vervikt. Personer som lider av kroniska inflammationssjukdomar i tarmen har \u00f6kad risk att drabbas av tjock- och \u00e4ndtarmscancer. \u00c4ven \u00e4rftlig predisposition f\u00f6rekommer. I nedanst\u00e5ende lista anges de vanligaste [&hellip;]<\/p>\n","protected":false},"author":3,"featured_media":0,"parent":0,"menu_order":0,"comment_status":"closed","ping_status":"closed","template":"","meta":{"_genesis_hide_title":false,"_genesis_hide_breadcrumbs":false,"_genesis_hide_singular_image":false,"_genesis_hide_footer_widgets":false,"_genesis_custom_body_class":"","_genesis_custom_post_class":"","_genesis_layout":"","footnotes":""},"class_list":{"0":"post-2200","1":"page","2":"type-page","3":"status-publish","5":"entry"},"acf":[],"yoast_head":"<!-- This site is optimized with the Yoast SEO plugin v23.3 - https:\/\/yoast.com\/wordpress\/plugins\/seo\/ -->\n<title>Riskfaktorer &#8211; Colores<\/title>\n<meta name=\"robots\" content=\"index, follow, max-snippet:-1, max-image-preview:large, max-video-preview:-1\" \/>\n<link rel=\"canonical\" href=\"https:\/\/www.colores.fi\/sv\/riskfaktorer\/\" \/>\n<meta property=\"og:locale\" content=\"sv_SE\" \/>\n<meta property=\"og:type\" content=\"article\" \/>\n<meta property=\"og:title\" content=\"Riskfaktorer &#8211; Colores\" \/>\n<meta property=\"og:description\" content=\"Orsakerna till tarmcancer kan ej med best\u00e4mdhet specificeras. Dock har man bed\u00f6mt att en del av fallen kunde f\u00f6rhindras genom f\u00f6r\u00e4ndrade kostvanor, fysisk aktivitet och undvikande av \u00f6vervikt. Personer som lider av kroniska inflammationssjukdomar i tarmen har \u00f6kad risk att drabbas av tjock- och \u00e4ndtarmscancer. \u00c4ven \u00e4rftlig predisposition f\u00f6rekommer. I nedanst\u00e5ende lista anges de vanligaste [&hellip;]\" \/>\n<meta property=\"og:url\" content=\"https:\/\/www.colores.fi\/sv\/riskfaktorer\/\" \/>\n<meta property=\"og:site_name\" content=\"Colores\" \/>\n<meta property=\"article:modified_time\" content=\"2021-04-29T12:27:25+00:00\" \/>\n<meta name=\"twitter:card\" content=\"summary_large_image\" \/>\n<meta name=\"twitter:label1\" content=\"Ber\u00e4knad l\u00e4stid\" \/>\n\t<meta name=\"twitter:data1\" content=\"1 minut\" \/>\n<script type=\"application\/ld+json\" class=\"yoast-schema-graph\">{\"@context\":\"https:\/\/schema.org\",\"@graph\":[{\"@type\":\"WebPage\",\"@id\":\"https:\/\/www.colores.fi\/sv\/riskfaktorer\/\",\"url\":\"https:\/\/www.colores.fi\/sv\/riskfaktorer\/\",\"name\":\"Riskfaktorer &#8211; Colores\",\"isPartOf\":{\"@id\":\"https:\/\/www.colores.fi\/#website\"},\"datePublished\":\"2018-06-15T08:34:05+00:00\",\"dateModified\":\"2021-04-29T12:27:25+00:00\",\"breadcrumb\":{\"@id\":\"https:\/\/www.colores.fi\/sv\/riskfaktorer\/#breadcrumb\"},\"inLanguage\":\"sv-SE\",\"potentialAction\":[{\"@type\":\"ReadAction\",\"target\":[\"https:\/\/www.colores.fi\/sv\/riskfaktorer\/\"]}]},{\"@type\":\"BreadcrumbList\",\"@id\":\"https:\/\/www.colores.fi\/sv\/riskfaktorer\/#breadcrumb\",\"itemListElement\":[{\"@type\":\"ListItem\",\"position\":1,\"name\":\"Home\",\"item\":\"https:\/\/www.colores.fi\/sv\/\"},{\"@type\":\"ListItem\",\"position\":2,\"name\":\"Riskfaktorer\"}]},{\"@type\":\"WebSite\",\"@id\":\"https:\/\/www.colores.fi\/#website\",\"url\":\"https:\/\/www.colores.fi\/\",\"name\":\"Colores\",\"description\":\"Finlands Tarmcancerf\u00f6rening rf\",\"publisher\":{\"@id\":\"https:\/\/www.colores.fi\/#organization\"},\"potentialAction\":[{\"@type\":\"SearchAction\",\"target\":{\"@type\":\"EntryPoint\",\"urlTemplate\":\"https:\/\/www.colores.fi\/?s={search_term_string}\"},\"query-input\":\"required name=search_term_string\"}],\"inLanguage\":\"sv-SE\"},{\"@type\":\"Organization\",\"@id\":\"https:\/\/www.colores.fi\/#organization\",\"name\":\"Colores-Suomen suolistosy\u00f6p\u00e4yhdistys ry\",\"url\":\"https:\/\/www.colores.fi\/\",\"logo\":{\"@type\":\"ImageObject\",\"inLanguage\":\"sv-SE\",\"@id\":\"https:\/\/www.colores.fi\/#\/schema\/logo\/image\/\",\"url\":\"https:\/\/www.colores.fi\/app\/uploads\/2018\/05\/colores_logo.png\",\"contentUrl\":\"https:\/\/www.colores.fi\/app\/uploads\/2018\/05\/colores_logo.png\",\"width\":1795,\"height\":437,\"caption\":\"Colores-Suomen suolistosy\u00f6p\u00e4yhdistys ry\"},\"image\":{\"@id\":\"https:\/\/www.colores.fi\/#\/schema\/logo\/image\/\"}}]}<\/script>\n<!-- \/ Yoast SEO plugin. -->","yoast_head_json":{"title":"Riskfaktorer &#8211; Colores","robots":{"index":"index","follow":"follow","max-snippet":"max-snippet:-1","max-image-preview":"max-image-preview:large","max-video-preview":"max-video-preview:-1"},"canonical":"https:\/\/www.colores.fi\/sv\/riskfaktorer\/","og_locale":"sv_SE","og_type":"article","og_title":"Riskfaktorer &#8211; Colores","og_description":"Orsakerna till tarmcancer kan ej med best\u00e4mdhet specificeras. Dock har man bed\u00f6mt att en del av fallen kunde f\u00f6rhindras genom f\u00f6r\u00e4ndrade kostvanor, fysisk aktivitet och undvikande av \u00f6vervikt. Personer som lider av kroniska inflammationssjukdomar i tarmen har \u00f6kad risk att drabbas av tjock- och \u00e4ndtarmscancer. \u00c4ven \u00e4rftlig predisposition f\u00f6rekommer. I nedanst\u00e5ende lista anges de vanligaste [&hellip;]","og_url":"https:\/\/www.colores.fi\/sv\/riskfaktorer\/","og_site_name":"Colores","article_modified_time":"2021-04-29T12:27:25+00:00","twitter_card":"summary_large_image","twitter_misc":{"Ber\u00e4knad l\u00e4stid":"1 minut"},"schema":{"@context":"https:\/\/schema.org","@graph":[{"@type":"WebPage","@id":"https:\/\/www.colores.fi\/sv\/riskfaktorer\/","url":"https:\/\/www.colores.fi\/sv\/riskfaktorer\/","name":"Riskfaktorer &#8211; Colores","isPartOf":{"@id":"https:\/\/www.colores.fi\/#website"},"datePublished":"2018-06-15T08:34:05+00:00","dateModified":"2021-04-29T12:27:25+00:00","breadcrumb":{"@id":"https:\/\/www.colores.fi\/sv\/riskfaktorer\/#breadcrumb"},"inLanguage":"sv-SE","potentialAction":[{"@type":"ReadAction","target":["https:\/\/www.colores.fi\/sv\/riskfaktorer\/"]}]},{"@type":"BreadcrumbList","@id":"https:\/\/www.colores.fi\/sv\/riskfaktorer\/#breadcrumb","itemListElement":[{"@type":"ListItem","position":1,"name":"Home","item":"https:\/\/www.colores.fi\/sv\/"},{"@type":"ListItem","position":2,"name":"Riskfaktorer"}]},{"@type":"WebSite","@id":"https:\/\/www.colores.fi\/#website","url":"https:\/\/www.colores.fi\/","name":"Colores","description":"Finlands Tarmcancerf\u00f6rening rf","publisher":{"@id":"https:\/\/www.colores.fi\/#organization"},"potentialAction":[{"@type":"SearchAction","target":{"@type":"EntryPoint","urlTemplate":"https:\/\/www.colores.fi\/?s={search_term_string}"},"query-input":"required name=search_term_string"}],"inLanguage":"sv-SE"},{"@type":"Organization","@id":"https:\/\/www.colores.fi\/#organization","name":"Colores-Suomen suolistosy\u00f6p\u00e4yhdistys ry","url":"https:\/\/www.colores.fi\/","logo":{"@type":"ImageObject","inLanguage":"sv-SE","@id":"https:\/\/www.colores.fi\/#\/schema\/logo\/image\/","url":"https:\/\/www.colores.fi\/app\/uploads\/2018\/05\/colores_logo.png","contentUrl":"https:\/\/www.colores.fi\/app\/uploads\/2018\/05\/colores_logo.png","width":1795,"height":437,"caption":"Colores-Suomen suolistosy\u00f6p\u00e4yhdistys ry"},"image":{"@id":"https:\/\/www.colores.fi\/#\/schema\/logo\/image\/"}}]}},"_links":{"self":[{"href":"https:\/\/www.colores.fi\/sv\/wp-json\/wp\/v2\/pages\/2200"}],"collection":[{"href":"https:\/\/www.colores.fi\/sv\/wp-json\/wp\/v2\/pages"}],"about":[{"href":"https:\/\/www.colores.fi\/sv\/wp-json\/wp\/v2\/types\/page"}],"author":[{"embeddable":true,"href":"https:\/\/www.colores.fi\/sv\/wp-json\/wp\/v2\/users\/3"}],"replies":[{"embeddable":true,"href":"https:\/\/www.colores.fi\/sv\/wp-json\/wp\/v2\/comments?post=2200"}],"version-history":[{"count":3,"href":"https:\/\/www.colores.fi\/sv\/wp-json\/wp\/v2\/pages\/2200\/revisions"}],"predecessor-version":[{"id":5417,"href":"https:\/\/www.colores.fi\/sv\/wp-json\/wp\/v2\/pages\/2200\/revisions\/5417"}],"wp:attachment":[{"href":"https:\/\/www.colores.fi\/sv\/wp-json\/wp\/v2\/media?parent=2200"}],"curies":[{"name":"wp","href":"https:\/\/api.w.org\/{rel}","templated":true}]}}