{"id":2176,"date":"2018-08-07T13:47:17","date_gmt":"2018-08-07T10:47:17","guid":{"rendered":"https:\/\/www.colores.fi\/tietoa-meista\/"},"modified":"2019-11-20T10:58:09","modified_gmt":"2019-11-20T08:58:09","slug":"om-colores","status":"publish","type":"page","link":"https:\/\/www.colores.fi\/sv\/om-colores\/","title":{"rendered":"Om Colores"},"content":{"rendered":"<p>Colores \u2013 Finlands Tarmcancerf\u00f6rening grundades v\u00e5ren 2007. Colores har som uppgift att st\u00f6dapatienterna och deras n\u00e4rst\u00e5ende samt tillhandah\u00e5lla information om sjukdomen. Vi har ca 20 000 tarmcancerpatienter i Finland och cirka\u00a0 3500 nya fall konstateras varje \u00e5r. Man f\u00f6rutser att antalet patienter kommer att \u00f6ka under de kommande \u00e5ren. Tack vare nya progressiva v\u00e5rdmetoder tillfrisknar en stor del av kolorektalcancerpatienterna. D\u00e5 sjukdomen blir kronisk \u00f6kar ocks\u00e5 patienternas och deras n\u00e4rst\u00e5endes behov av st\u00f6d.<\/p>\n<p>P\u00e5 nationell niv\u00e5 samarbetar Colores med andra h\u00e4lsoorganisationer. F\u00f6r att uppfylla sitt \u00e4ndam\u00e5l tillhandah\u00e5ller Colores information och utbildning, ordnar olika evenemang samt uppf\u00f6ljer och fr\u00e4mjar f\u00f6rebyggande av kolorektal cancer och relaterad forskning och tillhandah\u00e5ller aktuell information. Vid behov tar Colores initiativ med avsikt att f\u00f6rb\u00e4ttra kolorektalcancerpatienternas situation och \u00f6ka m\u00e4ngden av tillg\u00e4nglig information om sjukdomen samt ger utl\u00e5tanden. F\u00f6rutom patientmedlemmar har Colores styrelse landets ledande cancerspecialister som medlemmar.<\/p>\n<p>Colores \u00e4r en medlem om <a href=\"https:\/\/www.cancerforeningen.fi\/\">Cancerf\u00f6reningen i Finland rf<\/a>. Colores samarbetar ocks\u00e5 med andra kolorektalcancerf\u00f6reningar i Europa, till exempel med <a href=\"https:\/\/digestivecancers.eu\/\">Digestive Cancers Europe<\/a>.<\/p>\n","protected":false},"excerpt":{"rendered":"<p>Colores \u2013 Finlands Tarmcancerf\u00f6rening grundades v\u00e5ren 2007. Colores har som uppgift att st\u00f6dapatienterna och deras n\u00e4rst\u00e5ende samt tillhandah\u00e5lla information om sjukdomen. Vi har ca 20 000 tarmcancerpatienter i Finland och cirka\u00a0 3500 nya fall konstateras varje \u00e5r. Man f\u00f6rutser att antalet patienter kommer att \u00f6ka under de kommande \u00e5ren. Tack vare nya progressiva v\u00e5rdmetoder tillfrisknar [&hellip;]<\/p>\n","protected":false},"author":5,"featured_media":0,"parent":0,"menu_order":0,"comment_status":"closed","ping_status":"closed","template":"","meta":{"_genesis_hide_title":false,"_genesis_hide_breadcrumbs":false,"_genesis_hide_singular_image":false,"_genesis_hide_footer_widgets":false,"_genesis_custom_body_class":"","_genesis_custom_post_class":"","_genesis_layout":"","footnotes":""},"class_list":{"0":"post-2176","1":"page","2":"type-page","3":"status-publish","5":"entry"},"acf":[],"yoast_head":"<!-- This site is optimized with the Yoast SEO plugin v23.3 - https:\/\/yoast.com\/wordpress\/plugins\/seo\/ -->\n<title>Om Colores &#8211; Colores<\/title>\n<meta name=\"description\" content=\"Colores har som uppgift att st\u00f6dapatienterna och deras n\u00e4rst\u00e5ende samt tillhandah\u00e5lla information om sjukdomen.\" \/>\n<meta name=\"robots\" content=\"index, follow, max-snippet:-1, max-image-preview:large, max-video-preview:-1\" \/>\n<link rel=\"canonical\" href=\"https:\/\/www.colores.fi\/sv\/om-colores\/\" \/>\n<meta property=\"og:locale\" content=\"sv_SE\" \/>\n<meta property=\"og:type\" content=\"article\" \/>\n<meta property=\"og:title\" content=\"Om Colores &#8211; Colores\" \/>\n<meta property=\"og:description\" content=\"Colores har som uppgift att st\u00f6dapatienterna och deras n\u00e4rst\u00e5ende samt tillhandah\u00e5lla information om sjukdomen.\" \/>\n<meta property=\"og:url\" content=\"https:\/\/www.colores.fi\/sv\/om-colores\/\" \/>\n<meta property=\"og:site_name\" content=\"Colores\" \/>\n<meta property=\"article:modified_time\" content=\"2019-11-20T08:58:09+00:00\" \/>\n<meta name=\"twitter:card\" content=\"summary_large_image\" \/>\n<meta name=\"twitter:label1\" content=\"Ber\u00e4knad l\u00e4stid\" \/>\n\t<meta name=\"twitter:data1\" content=\"1 minut\" \/>\n<script type=\"application\/ld+json\" class=\"yoast-schema-graph\">{\"@context\":\"https:\/\/schema.org\",\"@graph\":[{\"@type\":\"WebPage\",\"@id\":\"https:\/\/www.colores.fi\/sv\/om-colores\/\",\"url\":\"https:\/\/www.colores.fi\/sv\/om-colores\/\",\"name\":\"Om Colores &#8211; Colores\",\"isPartOf\":{\"@id\":\"https:\/\/www.colores.fi\/#website\"},\"datePublished\":\"2018-08-07T10:47:17+00:00\",\"dateModified\":\"2019-11-20T08:58:09+00:00\",\"description\":\"Colores har som uppgift att st\u00f6dapatienterna och deras n\u00e4rst\u00e5ende samt tillhandah\u00e5lla information om sjukdomen.\",\"breadcrumb\":{\"@id\":\"https:\/\/www.colores.fi\/sv\/om-colores\/#breadcrumb\"},\"inLanguage\":\"sv-SE\",\"potentialAction\":[{\"@type\":\"ReadAction\",\"target\":[\"https:\/\/www.colores.fi\/sv\/om-colores\/\"]}]},{\"@type\":\"BreadcrumbList\",\"@id\":\"https:\/\/www.colores.fi\/sv\/om-colores\/#breadcrumb\",\"itemListElement\":[{\"@type\":\"ListItem\",\"position\":1,\"name\":\"Home\",\"item\":\"https:\/\/www.colores.fi\/sv\/\"},{\"@type\":\"ListItem\",\"position\":2,\"name\":\"Om Colores\"}]},{\"@type\":\"WebSite\",\"@id\":\"https:\/\/www.colores.fi\/#website\",\"url\":\"https:\/\/www.colores.fi\/\",\"name\":\"Colores\",\"description\":\"Finlands Tarmcancerf\u00f6rening rf\",\"publisher\":{\"@id\":\"https:\/\/www.colores.fi\/#organization\"},\"potentialAction\":[{\"@type\":\"SearchAction\",\"target\":{\"@type\":\"EntryPoint\",\"urlTemplate\":\"https:\/\/www.colores.fi\/?s={search_term_string}\"},\"query-input\":\"required name=search_term_string\"}],\"inLanguage\":\"sv-SE\"},{\"@type\":\"Organization\",\"@id\":\"https:\/\/www.colores.fi\/#organization\",\"name\":\"Colores-Suomen suolistosy\u00f6p\u00e4yhdistys ry\",\"url\":\"https:\/\/www.colores.fi\/\",\"logo\":{\"@type\":\"ImageObject\",\"inLanguage\":\"sv-SE\",\"@id\":\"https:\/\/www.colores.fi\/#\/schema\/logo\/image\/\",\"url\":\"https:\/\/www.colores.fi\/app\/uploads\/2018\/05\/colores_logo.png\",\"contentUrl\":\"https:\/\/www.colores.fi\/app\/uploads\/2018\/05\/colores_logo.png\",\"width\":1795,\"height\":437,\"caption\":\"Colores-Suomen suolistosy\u00f6p\u00e4yhdistys ry\"},\"image\":{\"@id\":\"https:\/\/www.colores.fi\/#\/schema\/logo\/image\/\"}}]}<\/script>\n<!-- \/ Yoast SEO plugin. -->","yoast_head_json":{"title":"Om Colores &#8211; Colores","description":"Colores har som uppgift att st\u00f6dapatienterna och deras n\u00e4rst\u00e5ende samt tillhandah\u00e5lla information om sjukdomen.","robots":{"index":"index","follow":"follow","max-snippet":"max-snippet:-1","max-image-preview":"max-image-preview:large","max-video-preview":"max-video-preview:-1"},"canonical":"https:\/\/www.colores.fi\/sv\/om-colores\/","og_locale":"sv_SE","og_type":"article","og_title":"Om Colores &#8211; Colores","og_description":"Colores har som uppgift att st\u00f6dapatienterna och deras n\u00e4rst\u00e5ende samt tillhandah\u00e5lla information om sjukdomen.","og_url":"https:\/\/www.colores.fi\/sv\/om-colores\/","og_site_name":"Colores","article_modified_time":"2019-11-20T08:58:09+00:00","twitter_card":"summary_large_image","twitter_misc":{"Ber\u00e4knad l\u00e4stid":"1 minut"},"schema":{"@context":"https:\/\/schema.org","@graph":[{"@type":"WebPage","@id":"https:\/\/www.colores.fi\/sv\/om-colores\/","url":"https:\/\/www.colores.fi\/sv\/om-colores\/","name":"Om Colores &#8211; Colores","isPartOf":{"@id":"https:\/\/www.colores.fi\/#website"},"datePublished":"2018-08-07T10:47:17+00:00","dateModified":"2019-11-20T08:58:09+00:00","description":"Colores har som uppgift att st\u00f6dapatienterna och deras n\u00e4rst\u00e5ende samt tillhandah\u00e5lla information om sjukdomen.","breadcrumb":{"@id":"https:\/\/www.colores.fi\/sv\/om-colores\/#breadcrumb"},"inLanguage":"sv-SE","potentialAction":[{"@type":"ReadAction","target":["https:\/\/www.colores.fi\/sv\/om-colores\/"]}]},{"@type":"BreadcrumbList","@id":"https:\/\/www.colores.fi\/sv\/om-colores\/#breadcrumb","itemListElement":[{"@type":"ListItem","position":1,"name":"Home","item":"https:\/\/www.colores.fi\/sv\/"},{"@type":"ListItem","position":2,"name":"Om Colores"}]},{"@type":"WebSite","@id":"https:\/\/www.colores.fi\/#website","url":"https:\/\/www.colores.fi\/","name":"Colores","description":"Finlands Tarmcancerf\u00f6rening rf","publisher":{"@id":"https:\/\/www.colores.fi\/#organization"},"potentialAction":[{"@type":"SearchAction","target":{"@type":"EntryPoint","urlTemplate":"https:\/\/www.colores.fi\/?s={search_term_string}"},"query-input":"required name=search_term_string"}],"inLanguage":"sv-SE"},{"@type":"Organization","@id":"https:\/\/www.colores.fi\/#organization","name":"Colores-Suomen suolistosy\u00f6p\u00e4yhdistys ry","url":"https:\/\/www.colores.fi\/","logo":{"@type":"ImageObject","inLanguage":"sv-SE","@id":"https:\/\/www.colores.fi\/#\/schema\/logo\/image\/","url":"https:\/\/www.colores.fi\/app\/uploads\/2018\/05\/colores_logo.png","contentUrl":"https:\/\/www.colores.fi\/app\/uploads\/2018\/05\/colores_logo.png","width":1795,"height":437,"caption":"Colores-Suomen suolistosy\u00f6p\u00e4yhdistys ry"},"image":{"@id":"https:\/\/www.colores.fi\/#\/schema\/logo\/image\/"}}]}},"_links":{"self":[{"href":"https:\/\/www.colores.fi\/sv\/wp-json\/wp\/v2\/pages\/2176"}],"collection":[{"href":"https:\/\/www.colores.fi\/sv\/wp-json\/wp\/v2\/pages"}],"about":[{"href":"https:\/\/www.colores.fi\/sv\/wp-json\/wp\/v2\/types\/page"}],"author":[{"embeddable":true,"href":"https:\/\/www.colores.fi\/sv\/wp-json\/wp\/v2\/users\/5"}],"replies":[{"embeddable":true,"href":"https:\/\/www.colores.fi\/sv\/wp-json\/wp\/v2\/comments?post=2176"}],"version-history":[{"count":2,"href":"https:\/\/www.colores.fi\/sv\/wp-json\/wp\/v2\/pages\/2176\/revisions"}],"predecessor-version":[{"id":2796,"href":"https:\/\/www.colores.fi\/sv\/wp-json\/wp\/v2\/pages\/2176\/revisions\/2796"}],"wp:attachment":[{"href":"https:\/\/www.colores.fi\/sv\/wp-json\/wp\/v2\/media?parent=2176"}],"curies":[{"name":"wp","href":"https:\/\/api.w.org\/{rel}","templated":true}]}}